{"id":3800,"date":"2019-10-27T14:31:41","date_gmt":"2019-10-27T13:31:41","guid":{"rendered":"https:\/\/breville-nordic.com\/produkter\/"},"modified":"2020-03-18T09:52:25","modified_gmt":"2020-03-18T08:52:25","slug":"tuotteet","status":"publish","type":"page","link":"https:\/\/breville-nordic.com\/fi\/tuotteet\/","title":{"rendered":"Tuotteet"},"content":{"rendered":"\n<div class=\"slider-wrapper relative\" id=\"slider-1281233653\" >\n    <div class=\"slider slider-nav-circle slider-nav-large slider-nav-light slider-style-normal\"\n        data-flickity-options='{\n            \"cellAlign\": \"center\",\n            \"imagesLoaded\": true,\n            \"lazyLoad\": 1,\n            \"freeScroll\": false,\n            \"wrapAround\": true,\n            \"autoPlay\": 6000,\n            \"pauseAutoPlayOnHover\" : true,\n            \"prevNextButtons\": true,\n            \"contain\" : true,\n            \"adaptiveHeight\" : true,\n            \"dragThreshold\" : 10,\n            \"percentPosition\": true,\n            \"pageDots\": true,\n            \"rightToLeft\": false,\n            \"draggable\": true,\n            \"selectedAttraction\": 0.1,\n            \"parallax\" : 0,\n            \"friction\": 0.6        }'\n        >\n        \n\n\n  <div class=\"banner has-hover\" id=\"banner-1845598807\">\n          <div class=\"banner-inner fill\">\n        <div class=\"banner-bg fill\" >\n            <img loading=\"lazy\" decoding=\"async\" width=\"1020\" height=\"574\" src=\"https:\/\/breville-nordic.com\/wp-content\/uploads\/2019\/12\/woman-drinking-red-cup-1024x576.jpg\" class=\"bg attachment-large size-large\" alt=\"\" \/>                                    \n                    <\/div>\n\t\t\n        <div class=\"banner-layers container\">\n            <div class=\"fill banner-link\"><\/div>            \n\n   <div id=\"text-box-968614997\" class=\"text-box banner-layer x50 md-x50 lg-x50 y50 md-y50 lg-y50 res-text\">\n                     <div data-animate=\"none\">           <div class=\"text-box-content text dark\">\n              \n              <div class=\"text-inner text-center\">\n                  \n\n<h3><strong>Hetki Brevillen seurassa<\/strong><\/h3>\n\n              <\/div>\n           <\/div>\n       <\/div>                     \n<style>\n#text-box-968614997 {\n  width: 60%;\n}\n#text-box-968614997 .text-box-content {\n  font-size: 100%;\n}\n<\/style>\n    <\/div>\n \n\n        <\/div>\n      <\/div>\n\n            \n<style>\n#banner-1845598807 {\n  padding-top: 54%;\n}\n#banner-1845598807 .banner-bg img {\n  object-position: 48% 0%;\n}\n@media (min-width:550px) {\n  #banner-1845598807 {\n    padding-top: 600px;\n  }\n}\n<\/style>\n  <\/div>\n\n\n\n     <\/div>\n\n     <div class=\"loading-spin dark large centered\"><\/div>\n\n\t<\/div>\n\n\n<div class=\"row\"  id=\"row-833592825\">\n\n\n\t<div id=\"col-245053969\" class=\"col small-12 large-12\"  >\n\t\t\t\t<div class=\"col-inner\"  >\n\t\t\t\n\t\t\t\n\n<p>Breville, jolla on yli 30 vuoden kokemus keitti\u00f6tuotteista, on ottanut teht\u00e4v\u00e4kseen valmistaa hyvi\u00e4 tuotteita kaikille. Tuotemerkki Breville tuli tunnetuksi 1980-luvun alussa yrityksen keksiess\u00e4 ja tuodessa markkinoille voileip\u00e4grillin uteliaalle ja n\u00e4lk\u00e4iselle yleis\u00f6lle. Breville on t\u00e4ll\u00e4 hetkell\u00e4 pienten keitti\u00f6koneiden johtava tuotemerkki ja yrityksen tuotevalikoimaan kuuluu vedenkeittimi\u00e4, leiv\u00e4npaahtimia, kahvinkeittimi\u00e4 ja paljon muuta.<\/p>\n\n\t\t<\/div>\n\t\t\t\t\t<\/div>\n\n\t\n\n\n<style>\n#row-833592825 > .col > .col-inner {\n  padding: 16px 0px 0px 0px;\n}\n<\/style>\n<\/div>\n<div class=\"row\"  id=\"row-1795138620\">\n\n\n\t<div id=\"col-331208351\" class=\"col small-12 large-12\"  >\n\t\t\t\t<div class=\"col-inner\"  >\n\t\t\t\n\t\t\t\n\n<div class=\"is-divider divider clearfix\" style=\"max-width:100%;height:2px;\"><\/div>\n\n<h3><strong>Kahvikoneet<\/strong><\/h3>\n<p>Brevillen kahvinkeittimien avulla sinusta voi tulla t\u00e4ydellinen kahvimaakari. Uutuutemme Barista Espresso Maxin avulla esimerkiksi; Espressokeitin integroidulla kahvimyllyll\u00e4, thermoblock-teknologialla, esikostutuksella ja PID-l\u00e4mm\u00f6ns\u00e4\u00e4d\u00f6ll\u00e4 antaa sinulle mahdollisuuden kokeilla, kunnes valmistat yht\u00e4 hyv\u00e4\u00e4 kahvia kuin kahvilassa!<\/p>\n\t\n  \n    <div class=\"row large-columns-4 medium-columns-3 small-columns-2 row-small\" >\n  \n\t     <div class=\"product-small col has-hover product type-product post-3716 status-publish first instock product_cat-kahvikoneet product_tag-barista-fi product_tag-cappuccino-fi product_tag-espresso-fi product_tag-kaffe-fi product_tag-latte-fi has-post-thumbnail taxable shipping-taxable product-type-external\">\n\t<div class=\"col-inner\">\n\t\n<div class=\"badge-container absolute left top z-1\">\n\n<\/div>\n\t<div class=\"product-small box \">\n\t\t<div class=\"box-image\">\n\t\t\t<div class=\"image-zoom\">\n\t\t\t\t<a href=\"https:\/\/breville-nordic.com\/fi\/tuote\/barista-espresso-max-kaffemaskin\/\">\n\t\t\t\t\t<img loading=\"lazy\" decoding=\"async\" width=\"300\" height=\"300\" src=\"https:\/\/breville-nordic.com\/wp-content\/uploads\/2021\/09\/BR203064-Barista-max-1-e1579616084408-300x300.jpg\" class=\"attachment-woocommerce_thumbnail size-woocommerce_thumbnail\" alt=\"Barista Espresso Max, kahvimyllyll\u00e4\" srcset=\"https:\/\/breville-nordic.com\/wp-content\/uploads\/2021\/09\/BR203064-Barista-max-1-e1579616084408-300x300.jpg 300w, https:\/\/breville-nordic.com\/wp-content\/uploads\/2021\/09\/BR203064-Barista-max-1-e1579616084408-150x150.jpg 150w, https:\/\/breville-nordic.com\/wp-content\/uploads\/2021\/09\/BR203064-Barista-max-1-e1579616084408-768x768.jpg 768w, https:\/\/breville-nordic.com\/wp-content\/uploads\/2021\/09\/BR203064-Barista-max-1-e1579616084408-600x600.jpg 600w, https:\/\/breville-nordic.com\/wp-content\/uploads\/2021\/09\/BR203064-Barista-max-1-e1579616084408-100x100.jpg 100w, https:\/\/breville-nordic.com\/wp-content\/uploads\/2021\/09\/BR203064-Barista-max-1-e1579616084408.jpg 1009w\" sizes=\"auto, (max-width: 300px) 100vw, 300px\" \/>\t\t\t\t<\/a>\n\t\t\t<\/div>\n\t\t\t<div class=\"image-tools is-small top right show-on-hover\">\n\t\t\t\t\t\t\t<\/div>\n\t\t\t<div class=\"image-tools is-small hide-for-small bottom left show-on-hover\">\n\t\t\t\t\t\t\t<\/div>\n\t\t\t<div class=\"image-tools grid-tools text-center hide-for-small bottom hover-slide-in show-on-hover\">\n\t\t\t\t\t\t\t<\/div>\n\t\t\t\t\t<\/div>\n\n\t\t<div class=\"box-text box-text-products\">\n\t\t\t<div class=\"title-wrapper\"><p class=\"name product-title woocommerce-loop-product__title\"><a href=\"https:\/\/breville-nordic.com\/fi\/tuote\/barista-espresso-max-kaffemaskin\/\" class=\"woocommerce-LoopProduct-link woocommerce-loop-product__link\">Barista Espresso Max, kahvimyllyll\u00e4<\/a><\/p><\/div><div class=\"price-wrapper\"><stock-price-element-widget product-id=\"\" align=\"left\"><\/stock-price-element-widget><\/div><a href=\"https:\/\/breville-nordic.com\/fi\/tuote\/barista-espresso-max-kaffemaskin\/\" class=\"btn-wh-product\">K\u00f6p<\/a>\t\t<\/div>\n\t<\/div>\n\t\t<\/div>\n<\/div><div class=\"product-small col has-hover product type-product post-3733 status-publish instock product_cat-kahvikoneet product_tag-cappuccino-fi product_tag-espresso-fi product_tag-kaffe-fi product_tag-kaffemaskin-fi has-post-thumbnail taxable shipping-taxable product-type-external\">\n\t<div class=\"col-inner\">\n\t\n<div class=\"badge-container absolute left top z-1\">\n\n<\/div>\n\t<div class=\"product-small box \">\n\t\t<div class=\"box-image\">\n\t\t\t<div class=\"image-zoom\">\n\t\t\t\t<a href=\"https:\/\/breville-nordic.com\/fi\/tuote\/prima-latte-kahvikone-punainen\/\">\n\t\t\t\t\t<img loading=\"lazy\" decoding=\"async\" width=\"300\" height=\"300\" src=\"https:\/\/breville-nordic.com\/wp-content\/uploads\/2020\/01\/BR203042_w-300x300.jpg\" class=\"attachment-woocommerce_thumbnail size-woocommerce_thumbnail\" alt=\"Prima Latte kaffemaskin i r\u00f6d f\u00e4rg fr\u00e5n Breville\" srcset=\"https:\/\/breville-nordic.com\/wp-content\/uploads\/2020\/01\/BR203042_w-300x300.jpg 300w, https:\/\/breville-nordic.com\/wp-content\/uploads\/2020\/01\/BR203042_w-150x150.jpg 150w, https:\/\/breville-nordic.com\/wp-content\/uploads\/2020\/01\/BR203042_w-768x768.jpg 768w, https:\/\/breville-nordic.com\/wp-content\/uploads\/2020\/01\/BR203042_w-600x600.jpg 600w, https:\/\/breville-nordic.com\/wp-content\/uploads\/2020\/01\/BR203042_w-100x100.jpg 100w, https:\/\/breville-nordic.com\/wp-content\/uploads\/2020\/01\/BR203042_w.jpg 800w\" sizes=\"auto, (max-width: 300px) 100vw, 300px\" \/>\t\t\t\t<\/a>\n\t\t\t<\/div>\n\t\t\t<div class=\"image-tools is-small top right show-on-hover\">\n\t\t\t\t\t\t\t<\/div>\n\t\t\t<div class=\"image-tools is-small hide-for-small bottom left show-on-hover\">\n\t\t\t\t\t\t\t<\/div>\n\t\t\t<div class=\"image-tools grid-tools text-center hide-for-small bottom hover-slide-in show-on-hover\">\n\t\t\t\t\t\t\t<\/div>\n\t\t\t\t\t<\/div>\n\n\t\t<div class=\"box-text box-text-products\">\n\t\t\t<div class=\"title-wrapper\"><p class=\"name product-title woocommerce-loop-product__title\"><a href=\"https:\/\/breville-nordic.com\/fi\/tuote\/prima-latte-kahvikone-punainen\/\" class=\"woocommerce-LoopProduct-link woocommerce-loop-product__link\">Prima Latte Kahvikone, punainen<\/a><\/p><\/div><div class=\"price-wrapper\"><stock-price-element-widget product-id=\"\" align=\"left\"><\/stock-price-element-widget><\/div><a href=\"https:\/\/breville-nordic.com\/fi\/tuote\/prima-latte-kahvikone-punainen\/\" class=\"btn-wh-product\">K\u00f6p<\/a>\t\t<\/div>\n\t<\/div>\n\t\t<\/div>\n<\/div><\/div>\n\n\n\t\t<\/div>\n\t\t\t\t\t<\/div>\n\n\t\n\n<\/div>\n<div class=\"row\"  id=\"row-536777853\">\n\n\n\t<div id=\"col-191618843\" class=\"col small-12 large-12\"  >\n\t\t\t\t<div class=\"col-inner\"  >\n\t\t\t\n\t\t\t\n\n<div class=\"is-divider divider clearfix\" style=\"max-width:100%;height:2px;\"><\/div>\n\n<h2>Leiv\u00e4npaahtimet<\/h2>\n<p>Paahda kaikkien aikojen voileiv\u00e4t tyylikk\u00e4\u00e4sti muotoillulla Breville leiv\u00e4npaahtimella. Paahtimeen kuuluvalla telineell\u00e4 voit my\u00f6s l\u00e4mmitt\u00e4\u00e4 s\u00e4mpyl\u00f6it\u00e4 ja croissanteja.<\/p>\n\t\n  \n    <div class=\"row large-columns-4 medium-columns-3 small-columns-2 row-small\" >\n  <\/div>\n\n\n\t\t<\/div>\n\t\t\t\t\t<\/div>\n\n\t\n\n<\/div>\n<div class=\"row\"  id=\"row-495842496\">\n\n\n\t<div id=\"col-827336872\" class=\"col small-12 large-12\"  >\n\t\t\t\t<div class=\"col-inner\"  >\n\t\t\t\n\t\t\t\n\n<div class=\"is-divider divider clearfix\" style=\"max-width:100%;height:2px;\"><\/div>\n\n<h2>Vedenkeittimet<\/h2>\n<p>Breville vedenkeittimill\u00e4 veden l\u00e4mmitys kiehuvaksi k\u00e4y nopeasti piilossa olevan 2400 W tehoisen l\u00e4mp\u00f6elementin ansiosta. Suurikokoinen kannu on ideaalinen kaikkiin talouksiin. <\/p>\n\t\n  \n    <div class=\"row large-columns-4 medium-columns-3 small-columns-2 row-small\" >\n  <\/div>\n\n\n\t\t<\/div>\n\t\t\t\t\t<\/div>\n\n\t\n\n<\/div>\n<div class=\"is-divider divider clearfix\" style=\"max-width:100%;height:2px;\"><\/div>\n\n<div class=\"row\"  id=\"row-1982358797\">\n\n\n\t<div id=\"col-1769056052\" class=\"col small-12 large-12\"  >\n\t\t\t\t<div class=\"col-inner\"  >\n\t\t\t\n\t\t\t\n\n<h2>Voileip\u00e4grillit<\/h2>\n<p>Breville on grilliasiantuntija. Valikoimassamme on p\u00f6yt\u00e4grillej\u00e4, voileip\u00e4grillej\u00e4, sek\u00e4 paninigrillej\u00e4, jotka kaikki ovat nopeasti l\u00e4mpi\u00e4vi\u00e4, paistinlevyiss\u00e4 on non-stick pinnoite ja ne on helppo puhdistaa. T\u00e4ydelliset ty\u00f6kalut mukavuudenhaluisille, jotka haluavat grillata voileiv\u00e4n.<\/p>\n\t\n  \n    <div class=\"row large-columns-4 medium-columns-3 small-columns-2 row-small\" >\n  \n\t     <div class=\"product-small col has-hover product type-product post-3855 status-publish instock product_cat-voileipagrillit product_tag-grillade-fi product_tag-paninigrill-fi product_tag-smorgasgrill-fi product_tag-varma-mackor-fi has-post-thumbnail taxable shipping-taxable product-type-external\">\n\t<div class=\"col-inner\">\n\t\n<div class=\"badge-container absolute left top z-1\">\n\n<\/div>\n\t<div class=\"product-small box \">\n\t\t<div class=\"box-image\">\n\t\t\t<div class=\"image-zoom\">\n\t\t\t\t<a href=\"https:\/\/breville-nordic.com\/fi\/tuote\/paninigrill-stor\/\">\n\t\t\t\t\t<img loading=\"lazy\" decoding=\"async\" width=\"300\" height=\"300\" src=\"https:\/\/breville-nordic.com\/wp-content\/uploads\/2019\/11\/203018_plain-1-300x300.jpg\" class=\"attachment-woocommerce_thumbnail size-woocommerce_thumbnail\" alt=\"Paninigrilli, 4 voileiv\u00e4lle\" srcset=\"https:\/\/breville-nordic.com\/wp-content\/uploads\/2019\/11\/203018_plain-1-300x300.jpg 300w, https:\/\/breville-nordic.com\/wp-content\/uploads\/2019\/11\/203018_plain-1-150x150.jpg 150w, https:\/\/breville-nordic.com\/wp-content\/uploads\/2019\/11\/203018_plain-1-768x768.jpg 768w, https:\/\/breville-nordic.com\/wp-content\/uploads\/2019\/11\/203018_plain-1-1024x1024.jpg 1024w, https:\/\/breville-nordic.com\/wp-content\/uploads\/2019\/11\/203018_plain-1-600x600.jpg 600w, https:\/\/breville-nordic.com\/wp-content\/uploads\/2019\/11\/203018_plain-1-100x100.jpg 100w\" sizes=\"auto, (max-width: 300px) 100vw, 300px\" \/>\t\t\t\t<\/a>\n\t\t\t<\/div>\n\t\t\t<div class=\"image-tools is-small top right show-on-hover\">\n\t\t\t\t\t\t\t<\/div>\n\t\t\t<div class=\"image-tools is-small hide-for-small bottom left show-on-hover\">\n\t\t\t\t\t\t\t<\/div>\n\t\t\t<div class=\"image-tools grid-tools text-center hide-for-small bottom hover-slide-in show-on-hover\">\n\t\t\t\t\t\t\t<\/div>\n\t\t\t\t\t<\/div>\n\n\t\t<div class=\"box-text box-text-products\">\n\t\t\t<div class=\"title-wrapper\"><p class=\"name product-title woocommerce-loop-product__title\"><a href=\"https:\/\/breville-nordic.com\/fi\/tuote\/paninigrill-stor\/\" class=\"woocommerce-LoopProduct-link woocommerce-loop-product__link\">Paninigrilli, 4 voileiv\u00e4lle<\/a><\/p><\/div><div class=\"price-wrapper\"><stock-price-element-widget product-id=\"\" align=\"left\"><\/stock-price-element-widget><\/div><a href=\"https:\/\/breville-nordic.com\/fi\/tuote\/paninigrill-stor\/\" class=\"btn-wh-product\">K\u00f6p<\/a>\t\t<\/div>\n\t<\/div>\n\t\t<\/div>\n<\/div><div class=\"product-small col has-hover product type-product post-3858 status-publish last instock product_cat-voileipagrillit product_tag-grillade-fi product_tag-smorgasgrill-fi product_tag-varma-mackor-fi has-post-thumbnail taxable shipping-taxable product-type-external\">\n\t<div class=\"col-inner\">\n\t\n<div class=\"badge-container absolute left top z-1\">\n\n<\/div>\n\t<div class=\"product-small box \">\n\t\t<div class=\"box-image\">\n\t\t\t<div class=\"image-zoom\">\n\t\t\t\t<a href=\"https:\/\/breville-nordic.com\/fi\/tuote\/voileipagrilli-duraceramic\/\">\n\t\t\t\t\t<img loading=\"lazy\" decoding=\"async\" width=\"300\" height=\"300\" src=\"https:\/\/breville-nordic.com\/wp-content\/uploads\/2019\/11\/BR203021_sida_w-300x300.jpg\" class=\"attachment-woocommerce_thumbnail size-woocommerce_thumbnail\" alt=\"Voileip\u00e4grilli, DuraCeramic\" srcset=\"https:\/\/breville-nordic.com\/wp-content\/uploads\/2019\/11\/BR203021_sida_w-300x300.jpg 300w, https:\/\/breville-nordic.com\/wp-content\/uploads\/2019\/11\/BR203021_sida_w-1024x1024.jpg 1024w, https:\/\/breville-nordic.com\/wp-content\/uploads\/2019\/11\/BR203021_sida_w-150x150.jpg 150w, https:\/\/breville-nordic.com\/wp-content\/uploads\/2019\/11\/BR203021_sida_w-768x768.jpg 768w, https:\/\/breville-nordic.com\/wp-content\/uploads\/2019\/11\/BR203021_sida_w-600x600.jpg 600w, https:\/\/breville-nordic.com\/wp-content\/uploads\/2019\/11\/BR203021_sida_w-100x100.jpg 100w, https:\/\/breville-nordic.com\/wp-content\/uploads\/2019\/11\/BR203021_sida_w.jpg 1200w\" sizes=\"auto, (max-width: 300px) 100vw, 300px\" \/>\t\t\t\t<\/a>\n\t\t\t<\/div>\n\t\t\t<div class=\"image-tools is-small top right show-on-hover\">\n\t\t\t\t\t\t\t<\/div>\n\t\t\t<div class=\"image-tools is-small hide-for-small bottom left show-on-hover\">\n\t\t\t\t\t\t\t<\/div>\n\t\t\t<div class=\"image-tools grid-tools text-center hide-for-small bottom hover-slide-in show-on-hover\">\n\t\t\t\t\t\t\t<\/div>\n\t\t\t\t\t<\/div>\n\n\t\t<div class=\"box-text box-text-products\">\n\t\t\t<div class=\"title-wrapper\"><p class=\"name product-title woocommerce-loop-product__title\"><a href=\"https:\/\/breville-nordic.com\/fi\/tuote\/voileipagrilli-duraceramic\/\" class=\"woocommerce-LoopProduct-link woocommerce-loop-product__link\">Voileip\u00e4grilli, DuraCeramic<\/a><\/p><\/div><div class=\"price-wrapper\"><stock-price-element-widget product-id=\"\" align=\"left\"><\/stock-price-element-widget><\/div><a href=\"https:\/\/breville-nordic.com\/fi\/tuote\/voileipagrilli-duraceramic\/\" class=\"btn-wh-product\">K\u00f6p<\/a>\t\t<\/div>\n\t<\/div>\n\t\t<\/div>\n<\/div><div class=\"product-small col has-hover product type-product post-3861 status-publish first instock product_cat-voileipagrillit product_cat-high-gloss-fi product_tag-grillade-fi product_tag-smorgasgrill-fi product_tag-varma-mackor-fi has-post-thumbnail taxable shipping-taxable product-type-external\">\n\t<div class=\"col-inner\">\n\t\n<div class=\"badge-container absolute left top z-1\">\n\n<\/div>\n\t<div class=\"product-small box \">\n\t\t<div class=\"box-image\">\n\t\t\t<div class=\"image-zoom\">\n\t\t\t\t<a href=\"https:\/\/breville-nordic.com\/fi\/tuote\/voileipagrilli-duraceramic-high-gloss\/\">\n\t\t\t\t\t<img loading=\"lazy\" decoding=\"async\" width=\"300\" height=\"300\" src=\"https:\/\/breville-nordic.com\/wp-content\/uploads\/2019\/11\/BR203020_sida_w-300x300.jpg\" class=\"attachment-woocommerce_thumbnail size-woocommerce_thumbnail\" alt=\"Voileip\u00e4grilli, DuraCeramic, High Gloss\" srcset=\"https:\/\/breville-nordic.com\/wp-content\/uploads\/2019\/11\/BR203020_sida_w-300x300.jpg 300w, https:\/\/breville-nordic.com\/wp-content\/uploads\/2019\/11\/BR203020_sida_w-1024x1024.jpg 1024w, https:\/\/breville-nordic.com\/wp-content\/uploads\/2019\/11\/BR203020_sida_w-150x150.jpg 150w, https:\/\/breville-nordic.com\/wp-content\/uploads\/2019\/11\/BR203020_sida_w-768x768.jpg 768w, https:\/\/breville-nordic.com\/wp-content\/uploads\/2019\/11\/BR203020_sida_w-600x600.jpg 600w, https:\/\/breville-nordic.com\/wp-content\/uploads\/2019\/11\/BR203020_sida_w-100x100.jpg 100w, https:\/\/breville-nordic.com\/wp-content\/uploads\/2019\/11\/BR203020_sida_w.jpg 1200w\" sizes=\"auto, (max-width: 300px) 100vw, 300px\" \/>\t\t\t\t<\/a>\n\t\t\t<\/div>\n\t\t\t<div class=\"image-tools is-small top right show-on-hover\">\n\t\t\t\t\t\t\t<\/div>\n\t\t\t<div class=\"image-tools is-small hide-for-small bottom left show-on-hover\">\n\t\t\t\t\t\t\t<\/div>\n\t\t\t<div class=\"image-tools grid-tools text-center hide-for-small bottom hover-slide-in show-on-hover\">\n\t\t\t\t\t\t\t<\/div>\n\t\t\t\t\t<\/div>\n\n\t\t<div class=\"box-text box-text-products\">\n\t\t\t<div class=\"title-wrapper\"><p class=\"name product-title woocommerce-loop-product__title\"><a href=\"https:\/\/breville-nordic.com\/fi\/tuote\/voileipagrilli-duraceramic-high-gloss\/\" class=\"woocommerce-LoopProduct-link woocommerce-loop-product__link\">Voileip\u00e4grilli, DuraCeramic, High Gloss<\/a><\/p><\/div><div class=\"price-wrapper\"><stock-price-element-widget product-id=\"\" align=\"left\"><\/stock-price-element-widget><\/div><a href=\"https:\/\/breville-nordic.com\/fi\/tuote\/voileipagrilli-duraceramic-high-gloss\/\" class=\"btn-wh-product\">K\u00f6p<\/a>\t\t<\/div>\n\t<\/div>\n\t\t<\/div>\n<\/div><\/div>\n\n\n\t\t<\/div>\n\t\t\t\t\t<\/div>\n\n\t\n\n<\/div>\n<div class=\"is-divider divider clearfix\" style=\"max-width:100%;height:2px;\"><\/div>\n\n<div class=\"row\"  id=\"row-2035475116\">\n\n\n\t<div id=\"col-612572775\" class=\"col small-12 large-12\"  >\n\t\t\t\t<div class=\"col-inner\"  >\n\t\t\t\n\t\t\t\n\n<h2>Vohvelirauta<\/h2>\n<p>T\u00e4ll\u00e4 Brevillen DuraCeramic-pinnoitteisella vohveliraudalla valmistuu erinomaisia belgialaisia vohveleita vain muutamassa minuutissa. Kaada taikina ja vohvelirauta hoitaa loput.<\/p>\n\t\n  \n    <div class=\"row large-columns-4 medium-columns-3 small-columns-2 row-small slider row-slider slider-nav-reveal slider-nav-push\"  data-flickity-options='{&quot;imagesLoaded&quot;: true, &quot;groupCells&quot;: &quot;100%&quot;, &quot;dragThreshold&quot; : 5, &quot;cellAlign&quot;: &quot;left&quot;,&quot;wrapAround&quot;: true,&quot;prevNextButtons&quot;: true,&quot;percentPosition&quot;: true,&quot;pageDots&quot;: false, &quot;rightToLeft&quot;: false, &quot;autoPlay&quot; : false}' >\n\n  \n\t     <div class=\"product-small col has-hover product type-product post-3870 status-publish instock product_cat-vohvelirauta product_tag-belgiska-vafflor-fi product_tag-dessert-fi product_tag-vafflor-fi has-post-thumbnail taxable shipping-taxable product-type-external\">\n\t<div class=\"col-inner\">\n\t\n<div class=\"badge-container absolute left top z-1\">\n\n<\/div>\n\t<div class=\"product-small box \">\n\t\t<div class=\"box-image\">\n\t\t\t<div class=\"image-zoom\">\n\t\t\t\t<a href=\"https:\/\/breville-nordic.com\/fi\/tuote\/vohvelirauta-duraceramic\/\">\n\t\t\t\t\t<img loading=\"lazy\" decoding=\"async\" width=\"300\" height=\"300\" src=\"https:\/\/breville-nordic.com\/wp-content\/uploads\/2020\/01\/BR203022_open_w-kopia-300x300.jpg\" class=\"attachment-woocommerce_thumbnail size-woocommerce_thumbnail\" alt=\"Vohvelirauta, DuraCeramic\" srcset=\"https:\/\/breville-nordic.com\/wp-content\/uploads\/2020\/01\/BR203022_open_w-kopia-300x300.jpg 300w, https:\/\/breville-nordic.com\/wp-content\/uploads\/2020\/01\/BR203022_open_w-kopia-150x150.jpg 150w, https:\/\/breville-nordic.com\/wp-content\/uploads\/2020\/01\/BR203022_open_w-kopia-600x599.jpg 600w, https:\/\/breville-nordic.com\/wp-content\/uploads\/2020\/01\/BR203022_open_w-kopia-100x100.jpg 100w, https:\/\/breville-nordic.com\/wp-content\/uploads\/2020\/01\/BR203022_open_w-kopia.jpg 670w\" sizes=\"auto, (max-width: 300px) 100vw, 300px\" \/>\t\t\t\t<\/a>\n\t\t\t<\/div>\n\t\t\t<div class=\"image-tools is-small top right show-on-hover\">\n\t\t\t\t\t\t\t<\/div>\n\t\t\t<div class=\"image-tools is-small hide-for-small bottom left show-on-hover\">\n\t\t\t\t\t\t\t<\/div>\n\t\t\t<div class=\"image-tools grid-tools text-center hide-for-small bottom hover-slide-in show-on-hover\">\n\t\t\t\t\t\t\t<\/div>\n\t\t\t\t\t<\/div>\n\n\t\t<div class=\"box-text box-text-products\">\n\t\t\t<div class=\"title-wrapper\"><p class=\"name product-title woocommerce-loop-product__title\"><a href=\"https:\/\/breville-nordic.com\/fi\/tuote\/vohvelirauta-duraceramic\/\" class=\"woocommerce-LoopProduct-link woocommerce-loop-product__link\">Vohvelirauta, DuraCeramic<\/a><\/p><\/div><div class=\"price-wrapper\"><stock-price-element-widget product-id=\"\" align=\"left\"><\/stock-price-element-widget><\/div><a href=\"https:\/\/breville-nordic.com\/fi\/tuote\/vohvelirauta-duraceramic\/\" class=\"btn-wh-product\">K\u00f6p<\/a>\t\t<\/div>\n\t<\/div>\n\t\t<\/div>\n<\/div><\/div>\n\n\n\t\t<\/div>\n\t\t\t\t\t<\/div>\n\n\t\n\n<\/div>\n<div class=\"is-divider divider clearfix\" style=\"max-width:100%;height:2px;\"><\/div>\n\n<div class=\"row\"  id=\"row-1707503974\">\n\n\n\t<div id=\"col-697938125\" class=\"col small-12 large-12\"  >\n\t\t\t\t<div class=\"col-inner\"  >\n\t\t\t\n\t\t\t\n\n<h2>Sekoittimet<\/h2>\n<p>Brevillen sekoittimet ovat n\u00e4pp\u00e4ri\u00e4 ja k\u00e4yt\u00e4nn\u00f6llisi\u00e4. Sekoittimella teet helposti hedelmist\u00e4 ja marjoista smoothien mukaasi ja voit my\u00f6s jauhaa p\u00e4hkin\u00f6it\u00e4 ja sirotella p\u00e4\u00e4llysteeksi. Yksinkertaista ja n\u00e4pp\u00e4r\u00e4\u00e4.<\/p>\n\t\n  \n    <div class=\"row large-columns-4 medium-columns-3 small-columns-2 row-small slider row-slider slider-nav-reveal slider-nav-push\"  data-flickity-options='{&quot;imagesLoaded&quot;: true, &quot;groupCells&quot;: &quot;100%&quot;, &quot;dragThreshold&quot; : 5, &quot;cellAlign&quot;: &quot;left&quot;,&quot;wrapAround&quot;: true,&quot;prevNextButtons&quot;: true,&quot;percentPosition&quot;: true,&quot;pageDots&quot;: false, &quot;rightToLeft&quot;: false, &quot;autoPlay&quot; : false}' >\n\n  <\/div>\n\n\n\t\t<\/div>\n\t\t\t\t\t<\/div>\n\n\t\n\n<\/div>\n<div class=\"is-divider divider clearfix\" style=\"max-width:100%;height:2px;\"><\/div>\n\n<div class=\"row\"  id=\"row-909856373\">\n\n\n\t<div id=\"col-416430596\" class=\"col small-12 large-12\"  >\n\t\t\t\t<div class=\"col-inner\"  >\n\t\t\t\n\t\t\t\n\n<h2>S\u00e4hk\u00f6vatkain<\/h2>\n<p>S\u00e4hk\u00f6vatkain Heat Soft &#8211; Brevillen ainutlaatuinen s\u00e4hk\u00f6vatkain l\u00e4mmitt\u00e4\u00e4 kylm\u00e4n voin huoneenl\u00e4mp\u00f6iseksi hetkess\u00e4. Saat t\u00e4ydellisen kuohkeita leivonnaisia, vaikka olisit unohtanut ottaa voin j\u00e4\u00e4kaapista ajoissa!<\/p>\n\t\n  \n    <div class=\"row large-columns-4 medium-columns-3 small-columns-2 row-small slider row-slider slider-nav-reveal slider-nav-push\"  data-flickity-options='{&quot;imagesLoaded&quot;: true, &quot;groupCells&quot;: &quot;100%&quot;, &quot;dragThreshold&quot; : 5, &quot;cellAlign&quot;: &quot;left&quot;,&quot;wrapAround&quot;: true,&quot;prevNextButtons&quot;: true,&quot;percentPosition&quot;: true,&quot;pageDots&quot;: false, &quot;rightToLeft&quot;: false, &quot;autoPlay&quot; : false}' >\n\n  <\/div>\n\n\n\t\t<\/div>\n\t\t\t\t\t<\/div>\n\n\t\n\n<\/div>\n","protected":false},"excerpt":{"rendered":"","protected":false},"author":1,"featured_media":4781,"parent":0,"menu_order":0,"comment_status":"closed","ping_status":"closed","template":"page-blank.php","meta":{"_acf_changed":false,"footnotes":""},"class_list":["post-3800","page","type-page","status-publish","has-post-thumbnail","hentry"],"acf":[],"_links":{"self":[{"href":"https:\/\/breville-nordic.com\/fi\/wp-json\/wp\/v2\/pages\/3800","targetHints":{"allow":["GET"]}}],"collection":[{"href":"https:\/\/breville-nordic.com\/fi\/wp-json\/wp\/v2\/pages"}],"about":[{"href":"https:\/\/breville-nordic.com\/fi\/wp-json\/wp\/v2\/types\/page"}],"author":[{"embeddable":true,"href":"https:\/\/breville-nordic.com\/fi\/wp-json\/wp\/v2\/users\/1"}],"replies":[{"embeddable":true,"href":"https:\/\/breville-nordic.com\/fi\/wp-json\/wp\/v2\/comments?post=3800"}],"version-history":[{"count":10,"href":"https:\/\/breville-nordic.com\/fi\/wp-json\/wp\/v2\/pages\/3800\/revisions"}],"predecessor-version":[{"id":4711,"href":"https:\/\/breville-nordic.com\/fi\/wp-json\/wp\/v2\/pages\/3800\/revisions\/4711"}],"wp:featuredmedia":[{"embeddable":true,"href":"https:\/\/breville-nordic.com\/fi\/wp-json\/wp\/v2\/media\/4781"}],"wp:attachment":[{"href":"https:\/\/breville-nordic.com\/fi\/wp-json\/wp\/v2\/media?parent=3800"}],"curies":[{"name":"wp","href":"https:\/\/api.w.org\/{rel}","templated":true}]}}