{"id":3919,"date":"2019-10-27T13:14:22","date_gmt":"2019-10-27T12:14:22","guid":{"rendered":"https:\/\/breville-nordic.com\/home\/"},"modified":"2026-04-28T11:56:30","modified_gmt":"2026-04-28T09:56:30","slug":"home","status":"publish","type":"page","link":"https:\/\/breville-nordic.com\/fi\/","title":{"rendered":"Auto Draft"},"content":{"rendered":"\n<div class=\"row align-equal\"  id=\"row-376041696\">\n\n\n\t<div id=\"col-1849888799\" class=\"col small-12 large-12\"  >\n\t\t\t\t<div class=\"col-inner text-left\"  >\n\t\t\t\n\t\t\t\n\n<div class=\"slider-wrapper relative\" id=\"slider-577711362\" >\n    <div class=\"slider slider-nav-circle slider-nav-large slider-nav-light slider-style-normal\"\n        data-flickity-options='{\n            \"cellAlign\": \"center\",\n            \"imagesLoaded\": true,\n            \"lazyLoad\": 1,\n            \"freeScroll\": false,\n            \"wrapAround\": true,\n            \"autoPlay\": 9000,\n            \"pauseAutoPlayOnHover\" : true,\n            \"prevNextButtons\": true,\n            \"contain\" : true,\n            \"adaptiveHeight\" : true,\n            \"dragThreshold\" : 10,\n            \"percentPosition\": true,\n            \"pageDots\": true,\n            \"rightToLeft\": false,\n            \"draggable\": false,\n            \"selectedAttraction\": 0.1,\n            \"parallax\" : 0,\n            \"friction\": 0.6        }'\n        >\n        \n\n\n  <div class=\"banner has-hover\" id=\"banner-865850363\">\n          <div class=\"banner-inner fill\">\n        <div class=\"banner-bg fill\" >\n            <img loading=\"lazy\" decoding=\"async\" width=\"2560\" height=\"1708\" src=\"https:\/\/breville-nordic.com\/wp-content\/uploads\/2025\/10\/203084-Breville-Barista-Slimline-7-scaled-e1775552313682.jpg\" class=\"bg attachment-original size-original\" alt=\"\" \/>                                    \n                    <\/div>\n\t\t\n        <div class=\"banner-layers container\">\n            <div class=\"fill banner-link\"><\/div>            \n\n   <div id=\"text-box-1798177739\" class=\"text-box banner-layer x50 md-x10 lg-x10 y5 md-y15 lg-y15 res-text\">\n                                <div class=\"text-box-content text dark\">\n              \n              <div class=\"text-inner text-left\">\n                  \n\n\t<div id=\"text-1383658956\" class=\"text\">\n\t\t\n\n<h2 class=\"uppercase\">Nyheter &#8211; Kaffemaskiner<\/h2>\n<p>Missa inte Brevilles nya serie av kaffemaskiner. Det finns maskiner f\u00f6r det lilla hush\u00e5llet och f\u00f6r den fullfj\u00e4drade baristan.\u00a0<\/p>\n\t\t\n<style>\n#text-1383658956 {\n  color: rgb(255,255,255);\n}\n#text-1383658956 > * {\n  color: rgb(255,255,255);\n}\n<\/style>\n\t<\/div>\n\t\n<a href=\"https:\/\/breville-nordic.com\/produktkategori\/kaffemaskiner\/\" class=\"button white\" >\n\t\t<span>Till Produkterna<\/span>\n\t<\/a>\n\n\n\n              <\/div>\n           <\/div>\n                            \n<style>\n#text-box-1798177739 .text-box-content {\n  background-color: rgba(20, 14, 14, 0.837);\n  font-size: 100%;\n}\n#text-box-1798177739 .text-inner {\n  padding: 10px 10px 10px 10px;\n}\n#text-box-1798177739 {\n  width: 100%;\n}\n@media (min-width:550px) {\n  #text-box-1798177739 .text-inner {\n    padding: 20px 20px 20px 20px;\n  }\n  #text-box-1798177739 {\n    width: 34%;\n  }\n}\n<\/style>\n    <\/div>\n \n\n        <\/div>\n      <\/div>\n\n            \n<style>\n#banner-865850363 {\n  padding-top: 650px;\n  background-color: rgb(0,0,0);\n}\n<\/style>\n  <\/div>\n\n\n\n  <div class=\"banner has-hover\" id=\"banner-579551430\">\n          <div class=\"banner-inner fill\">\n        <div class=\"banner-bg fill\" >\n                                                \n                    <\/div>\n\t\t\n        <div class=\"banner-layers container\">\n            <div class=\"fill banner-link\"><\/div>            \n\n   <div id=\"text-box-335764269\" class=\"text-box banner-layer x10 md-x10 lg-x10 y50 md-y50 lg-y50 res-text\">\n                                <div class=\"text-box-content text dark\">\n              \n              <div class=\"text-inner text-left\">\n                  \n\n\t<div id=\"text-3537203526\" class=\"text\">\n\t\t\n\n<h2 class=\"uppercase\">Anna Truelsens Dessertv\u00e5ffla\u00a0<\/h2>\n<p>Sommaren \u00e4r h\u00e4r och vad passar b\u00e4ttre \u00e4n frasiga v\u00e5fflor? Anna Truelsen bjuder p\u00e5 ett riktigt gott recept med nutella, jordgubbar, bl\u00e5b\u00e4r och vaniljglass. Perfekt f\u00f6r att skapa h\u00e4rlig semesterk\u00e4nsla!<\/p>\n\t\t\n<style>\n#text-3537203526 {\n  color: rgb(0,0,0);\n}\n#text-3537203526 > * {\n  color: rgb(0,0,0);\n}\n<\/style>\n\t<\/div>\n\t\n<a href=\"https:\/\/breville-nordic.com\/recept\/dessertvaffla-med-bar-och-nutella\/\" class=\"button primary\" >\n\t\t<span>L\u00c4S MER H\u00c4R!<\/span>\n\t<\/a>\n\n\n\n              <\/div>\n           <\/div>\n                            \n<style>\n#text-box-335764269 {\n  width: 60%;\n}\n#text-box-335764269 .text-box-content {\n  font-size: 100%;\n}\n@media (min-width:550px) {\n  #text-box-335764269 {\n    width: 40%;\n  }\n}\n<\/style>\n    <\/div>\n \n\t<div class=\"img has-hover x90 md-x90 lg-x90 y50 md-y50 lg-y50\" id=\"image_1646746964\">\n\t\t\t\t\t\t<div data-animate=\"bounceInRight\">\t\t<div class=\"img-inner image-cover dark\" style=\"padding-top:500px;\">\n\t\t\t<img loading=\"lazy\" decoding=\"async\" width=\"1952\" height=\"2560\" src=\"https:\/\/breville-nordic.com\/wp-content\/uploads\/2025\/05\/IMG_2629_jpg-scaled.jpeg\" class=\"attachment-original size-original\" alt=\"Anna Truelsen\" srcset=\"https:\/\/breville-nordic.com\/wp-content\/uploads\/2025\/05\/IMG_2629_jpg-scaled.jpeg 1952w, https:\/\/breville-nordic.com\/wp-content\/uploads\/2025\/05\/IMG_2629_jpg-229x300.jpeg 229w, https:\/\/breville-nordic.com\/wp-content\/uploads\/2025\/05\/IMG_2629_jpg-781x1024.jpeg 781w, https:\/\/breville-nordic.com\/wp-content\/uploads\/2025\/05\/IMG_2629_jpg-768x1007.jpeg 768w, https:\/\/breville-nordic.com\/wp-content\/uploads\/2025\/05\/IMG_2629_jpg-1171x1536.jpeg 1171w, https:\/\/breville-nordic.com\/wp-content\/uploads\/2025\/05\/IMG_2629_jpg-1562x2048.jpeg 1562w, https:\/\/breville-nordic.com\/wp-content\/uploads\/2025\/05\/IMG_2629_jpg-600x787.jpeg 600w\" sizes=\"auto, (max-width: 1952px) 100vw, 1952px\" \/>\t\t\t\t\t\t\n\t\t\t\t\t<\/div>\n\t\t<\/div>\t\t\t\t\t\t\n<style>\n#image_1646746964 {\n  width: 29%;\n}\n<\/style>\n\t<\/div>\n\t\n\n\n        <\/div>\n      <\/div>\n\n            \n<style>\n#banner-579551430 {\n  padding-top: 650px;\n  background-color: rgb(255,255,255);\n}\n<\/style>\n  <\/div>\n\n\n\n     <\/div>\n\n     <div class=\"loading-spin dark large centered\"><\/div>\n\n\t<\/div>\n\n\n\t<div id=\"gap-1891881426\" class=\"gap-element clearfix\" style=\"display:block; height:auto;\">\n\t\t\n<style>\n#gap-1891881426 {\n  padding-top: 30px;\n}\n<\/style>\n\t<\/div>\n\t\n\n<div class=\"container section-title-container\" ><h1 class=\"section-title section-title-center\"><b aria-hidden=\"true\"><\/b><span class=\"section-title-main\" >Utvalda produkter<\/span><b aria-hidden=\"true\"><\/b><\/h1><\/div>\n\n\t\n  \n    <div class=\"row  equalize-box large-columns-5 medium-columns-3 small-columns-2 row-normal slider row-slider slider-nav-reveal slider-nav-push\"  data-flickity-options='{&quot;imagesLoaded&quot;: true, &quot;groupCells&quot;: &quot;100%&quot;, &quot;dragThreshold&quot; : 5, &quot;cellAlign&quot;: &quot;left&quot;,&quot;wrapAround&quot;: true,&quot;prevNextButtons&quot;: true,&quot;percentPosition&quot;: true,&quot;pageDots&quot;: false, &quot;rightToLeft&quot;: false, &quot;autoPlay&quot; : false}' >\n\n  \n\t     <div class=\"product-small col has-hover product type-product post-3855 status-publish first instock product_cat-voileipagrillit product_tag-grillade-fi product_tag-paninigrill-fi product_tag-smorgasgrill-fi product_tag-varma-mackor-fi has-post-thumbnail taxable shipping-taxable product-type-external\">\n\t<div class=\"col-inner\">\n\t\n<div class=\"badge-container absolute left top z-1\">\n\n<\/div>\n\t<div class=\"product-small box \">\n\t\t<div class=\"box-image\">\n\t\t\t<div class=\"image-zoom\">\n\t\t\t\t<a href=\"https:\/\/breville-nordic.com\/fi\/tuote\/paninigrill-stor\/\">\n\t\t\t\t\t<img loading=\"lazy\" decoding=\"async\" width=\"300\" height=\"300\" src=\"https:\/\/breville-nordic.com\/wp-content\/uploads\/2019\/11\/203018_plain-1-300x300.jpg\" class=\"attachment-woocommerce_thumbnail size-woocommerce_thumbnail\" alt=\"Paninigrilli, 4 voileiv\u00e4lle\" srcset=\"https:\/\/breville-nordic.com\/wp-content\/uploads\/2019\/11\/203018_plain-1-300x300.jpg 300w, https:\/\/breville-nordic.com\/wp-content\/uploads\/2019\/11\/203018_plain-1-150x150.jpg 150w, https:\/\/breville-nordic.com\/wp-content\/uploads\/2019\/11\/203018_plain-1-768x768.jpg 768w, https:\/\/breville-nordic.com\/wp-content\/uploads\/2019\/11\/203018_plain-1-1024x1024.jpg 1024w, https:\/\/breville-nordic.com\/wp-content\/uploads\/2019\/11\/203018_plain-1-600x600.jpg 600w, https:\/\/breville-nordic.com\/wp-content\/uploads\/2019\/11\/203018_plain-1-100x100.jpg 100w\" sizes=\"auto, (max-width: 300px) 100vw, 300px\" \/>\t\t\t\t<\/a>\n\t\t\t<\/div>\n\t\t\t<div class=\"image-tools is-small top right show-on-hover\">\n\t\t\t\t\t\t\t<\/div>\n\t\t\t<div class=\"image-tools is-small hide-for-small bottom left show-on-hover\">\n\t\t\t\t\t\t\t<\/div>\n\t\t\t<div class=\"image-tools grid-tools text-center hide-for-small bottom hover-slide-in show-on-hover\">\n\t\t\t\t\t\t\t<\/div>\n\t\t\t\t\t<\/div>\n\n\t\t<div class=\"box-text box-text-products\">\n\t\t\t<div class=\"title-wrapper\"><p class=\"name product-title woocommerce-loop-product__title\"><a href=\"https:\/\/breville-nordic.com\/fi\/tuote\/paninigrill-stor\/\" class=\"woocommerce-LoopProduct-link woocommerce-loop-product__link\">Paninigrilli, 4 voileiv\u00e4lle<\/a><\/p><\/div><div class=\"price-wrapper\"><stock-price-element-widget product-id=\"\" align=\"left\"><\/stock-price-element-widget><\/div><a href=\"https:\/\/breville-nordic.com\/fi\/tuote\/paninigrill-stor\/\" class=\"btn-wh-product\">K\u00f6p<\/a>\t\t<\/div>\n\t<\/div>\n\t\t<\/div>\n<\/div><div class=\"product-small col has-hover product type-product post-3858 status-publish instock product_cat-voileipagrillit product_tag-grillade-fi product_tag-smorgasgrill-fi product_tag-varma-mackor-fi has-post-thumbnail taxable shipping-taxable product-type-external\">\n\t<div class=\"col-inner\">\n\t\n<div class=\"badge-container absolute left top z-1\">\n\n<\/div>\n\t<div class=\"product-small box \">\n\t\t<div class=\"box-image\">\n\t\t\t<div class=\"image-zoom\">\n\t\t\t\t<a href=\"https:\/\/breville-nordic.com\/fi\/tuote\/voileipagrilli-duraceramic\/\">\n\t\t\t\t\t<img loading=\"lazy\" decoding=\"async\" width=\"300\" height=\"300\" src=\"https:\/\/breville-nordic.com\/wp-content\/uploads\/2019\/11\/BR203021_sida_w-300x300.jpg\" class=\"attachment-woocommerce_thumbnail size-woocommerce_thumbnail\" alt=\"Voileip\u00e4grilli, DuraCeramic\" srcset=\"https:\/\/breville-nordic.com\/wp-content\/uploads\/2019\/11\/BR203021_sida_w-300x300.jpg 300w, https:\/\/breville-nordic.com\/wp-content\/uploads\/2019\/11\/BR203021_sida_w-1024x1024.jpg 1024w, https:\/\/breville-nordic.com\/wp-content\/uploads\/2019\/11\/BR203021_sida_w-150x150.jpg 150w, https:\/\/breville-nordic.com\/wp-content\/uploads\/2019\/11\/BR203021_sida_w-768x768.jpg 768w, https:\/\/breville-nordic.com\/wp-content\/uploads\/2019\/11\/BR203021_sida_w-600x600.jpg 600w, https:\/\/breville-nordic.com\/wp-content\/uploads\/2019\/11\/BR203021_sida_w-100x100.jpg 100w, https:\/\/breville-nordic.com\/wp-content\/uploads\/2019\/11\/BR203021_sida_w.jpg 1200w\" sizes=\"auto, (max-width: 300px) 100vw, 300px\" \/>\t\t\t\t<\/a>\n\t\t\t<\/div>\n\t\t\t<div class=\"image-tools is-small top right show-on-hover\">\n\t\t\t\t\t\t\t<\/div>\n\t\t\t<div class=\"image-tools is-small hide-for-small bottom left show-on-hover\">\n\t\t\t\t\t\t\t<\/div>\n\t\t\t<div class=\"image-tools grid-tools text-center hide-for-small bottom hover-slide-in show-on-hover\">\n\t\t\t\t\t\t\t<\/div>\n\t\t\t\t\t<\/div>\n\n\t\t<div class=\"box-text box-text-products\">\n\t\t\t<div class=\"title-wrapper\"><p class=\"name product-title woocommerce-loop-product__title\"><a href=\"https:\/\/breville-nordic.com\/fi\/tuote\/voileipagrilli-duraceramic\/\" class=\"woocommerce-LoopProduct-link woocommerce-loop-product__link\">Voileip\u00e4grilli, DuraCeramic<\/a><\/p><\/div><div class=\"price-wrapper\"><stock-price-element-widget product-id=\"\" align=\"left\"><\/stock-price-element-widget><\/div><a href=\"https:\/\/breville-nordic.com\/fi\/tuote\/voileipagrilli-duraceramic\/\" class=\"btn-wh-product\">K\u00f6p<\/a>\t\t<\/div>\n\t<\/div>\n\t\t<\/div>\n<\/div><\/div>\n\n\n\n<stock-price-service-widget><\/stock-price-service-widget>\n\n\n\t\t<\/div>\n\t\t\t\t\t<\/div>\n\n\t\n\n<\/div>\n\n\t\n  \n    <div class=\"row show-for-small large-columns-4 medium-columns-3 small-columns-2 row-xsmall slider row-slider slider-nav-reveal slider-nav-push\"  data-flickity-options='{&quot;imagesLoaded&quot;: true, &quot;groupCells&quot;: &quot;100%&quot;, &quot;dragThreshold&quot; : 5, &quot;cellAlign&quot;: &quot;left&quot;,&quot;wrapAround&quot;: true,&quot;prevNextButtons&quot;: true,&quot;percentPosition&quot;: true,&quot;pageDots&quot;: false, &quot;rightToLeft&quot;: false, &quot;autoPlay&quot; : false}' >\n\n  \n\t     <div class=\"product-small col has-hover product type-product post-4954 status-publish instock has-post-thumbnail taxable shipping-taxable product-type-external\">\n\t<div class=\"col-inner\">\n\t\n<div class=\"badge-container absolute left top z-1\">\n\n<\/div>\n\t<div class=\"product-small box \">\n\t\t<div class=\"box-image\">\n\t\t\t<div class=\"image-zoom\">\n\t\t\t\t<a href=\"https:\/\/breville-nordic.com\/fi\/tuote\/air-fryer-oven\/\">\n\t\t\t\t\t<img loading=\"lazy\" decoding=\"async\" width=\"300\" height=\"300\" src=\"https:\/\/breville-nordic.com\/wp-content\/uploads\/2021\/05\/VDF127_Breville_Halo_Air-fryer_Rotisserie-Air-Fryer-Oven_Product-Shot_Front-1-300x300.jpg\" class=\"attachment-woocommerce_thumbnail size-woocommerce_thumbnail\" alt=\"air fryer fr\u00e5n Breville\" srcset=\"https:\/\/breville-nordic.com\/wp-content\/uploads\/2021\/05\/VDF127_Breville_Halo_Air-fryer_Rotisserie-Air-Fryer-Oven_Product-Shot_Front-1-300x300.jpg 300w, https:\/\/breville-nordic.com\/wp-content\/uploads\/2021\/05\/VDF127_Breville_Halo_Air-fryer_Rotisserie-Air-Fryer-Oven_Product-Shot_Front-1-150x150.jpg 150w, https:\/\/breville-nordic.com\/wp-content\/uploads\/2021\/05\/VDF127_Breville_Halo_Air-fryer_Rotisserie-Air-Fryer-Oven_Product-Shot_Front-1-100x100.jpg 100w\" sizes=\"auto, (max-width: 300px) 100vw, 300px\" \/>\t\t\t\t<\/a>\n\t\t\t<\/div>\n\t\t\t<div class=\"image-tools is-small top right show-on-hover\">\n\t\t\t\t\t\t\t<\/div>\n\t\t\t<div class=\"image-tools is-small hide-for-small bottom left show-on-hover\">\n\t\t\t\t\t\t\t<\/div>\n\t\t\t<div class=\"image-tools grid-tools text-center hide-for-small bottom hover-slide-in show-on-hover\">\n\t\t\t\t\t\t\t<\/div>\n\t\t\t\t\t<\/div>\n\n\t\t<div class=\"box-text box-text-products\">\n\t\t\t<div class=\"title-wrapper\"><p class=\"name product-title woocommerce-loop-product__title\"><a href=\"https:\/\/breville-nordic.com\/fi\/tuote\/air-fryer-oven\/\" class=\"woocommerce-LoopProduct-link woocommerce-loop-product__link\">VDF127X Air Fryer Oven<\/a><\/p><\/div><div class=\"price-wrapper\"><stock-price-element-widget product-id=\"\" align=\"left\"><\/stock-price-element-widget><\/div><a href=\"https:\/\/breville-nordic.com\/fi\/tuote\/air-fryer-oven\/\" class=\"btn-wh-product\">K\u00f6p<\/a>\t\t<\/div>\n\t<\/div>\n\t\t<\/div>\n<\/div><\/div>\n\n<div class=\"container section-title-container hide-for-small\" ><h2 class=\"section-title section-title-center\"><b aria-hidden=\"true\"><\/b><span class=\"section-title-main\" >L\u00e5t dig inspireras<\/span><b aria-hidden=\"true\"><\/b><\/h2><\/div>\n\n<div class=\"row\"  id=\"row-127564115\">\n\n\n\t<div id=\"col-615350139\" class=\"col medium-3 small-6 large-3\"  >\n\t\t\t\t<div class=\"col-inner\"  >\n\t\t\t\n\t\t\t\n\n\n  <div class=\"banner has-hover\" id=\"banner-389674170\">\n          <div class=\"banner-inner fill\">\n        <div class=\"banner-bg fill\" >\n            <img loading=\"lazy\" decoding=\"async\" width=\"1020\" height=\"766\" src=\"https:\/\/breville-nordic.com\/wp-content\/uploads\/2025\/05\/VDF133-Airfryer-Lasagne-2-1024x769.jpg\" class=\"bg attachment-large size-large\" alt=\"Lasagne i airfryer\" \/>                                    \n                    <\/div>\n\t\t\n        <div class=\"banner-layers container\">\n            <a class=\"fill\" href=\"https:\/\/breville-nordic.com\/recept\/lasagne-i-airfryer\/\"><div class=\"fill banner-link\"><\/div><\/a>            \n\n   <div id=\"text-box-549982220\" class=\"text-box banner-layer x50 md-x50 lg-x50 y50 md-y50 lg-y50 res-text\">\n                                <div class=\"text-box-content text dark\">\n              \n              <div class=\"text-inner text-center\">\n                  \n\n<h3 class=\"uppercase\"><strong>Lasagne<\/strong><\/h3>\n\n              <\/div>\n           <\/div>\n                            \n<style>\n#text-box-549982220 .text-box-content {\n  background-color: rgba(0, 0, 0, 0.453);\n  font-size: 100%;\n}\n#text-box-549982220 {\n  width: 60%;\n}\n<\/style>\n    <\/div>\n \n\n        <\/div>\n      <\/div>\n\n            \n<style>\n#banner-389674170 {\n  padding-top: 300px;\n}\n#banner-389674170 .banner-bg img {\n  object-position: 35% 39%;\n}\n<\/style>\n  <\/div>\n\n\n\n\t\t<\/div>\n\t\t\t\t\t<\/div>\n\n\t\n\n\t<div id=\"col-308515492\" class=\"col medium-3 small-6 large-3\"  >\n\t\t\t\t<div class=\"col-inner\"  >\n\t\t\t\n\t\t\t\n\n\n  <div class=\"banner has-hover\" id=\"banner-195804991\">\n          <div class=\"banner-inner fill\">\n        <div class=\"banner-bg fill\" >\n            <img loading=\"lazy\" decoding=\"async\" width=\"683\" height=\"1024\" src=\"https:\/\/breville-nordic.com\/wp-content\/uploads\/2024\/10\/Mini-kanelbullar-683x1024.jpg\" class=\"bg attachment-large size-large\" alt=\"Mini-kanelbullar\" \/>                                    \n                    <\/div>\n\t\t\n        <div class=\"banner-layers container\">\n            <a class=\"fill\" href=\"https:\/\/breville-nordic.com\/recept\/mini-kanelbullar\/\"><div class=\"fill banner-link\"><\/div><\/a>            \n\n   <div id=\"text-box-1569009728\" class=\"text-box banner-layer x50 md-x50 lg-x50 y50 md-y50 lg-y50 res-text\">\n                                <div class=\"text-box-content text dark\">\n              \n              <div class=\"text-inner text-center\">\n                  \n\n<h3 class=\"uppercase\"><strong>mini-kanelbullar<\/strong><\/h3>\n<p>\u00a0<\/p>\n\n              <\/div>\n           <\/div>\n                            \n<style>\n#text-box-1569009728 .text-box-content {\n  background-color: rgba(0, 0, 0, 0.453);\n  font-size: 100%;\n}\n#text-box-1569009728 {\n  width: 60%;\n}\n<\/style>\n    <\/div>\n \n\n        <\/div>\n      <\/div>\n\n            \n<style>\n#banner-195804991 {\n  padding-top: 300px;\n}\n<\/style>\n  <\/div>\n\n\n\n\t\t<\/div>\n\t\t\t\t\t<\/div>\n\n\t\n\n\t<div id=\"col-524259922\" class=\"col medium-3 small-6 large-3\"  >\n\t\t\t\t<div class=\"col-inner\"  >\n\t\t\t\n\t\t\t\n\n\n  <div class=\"banner has-hover\" id=\"banner-1620114717\">\n          <div class=\"banner-inner fill\">\n        <div class=\"banner-bg fill\" >\n            <img loading=\"lazy\" decoding=\"async\" width=\"1020\" height=\"574\" src=\"https:\/\/breville-nordic.com\/wp-content\/uploads\/2020\/02\/Waffle_1-1024x576.jpg\" class=\"bg attachment-large size-large\" alt=\"\" \/>                                    \n                    <\/div>\n\t\t\n        <div class=\"banner-layers container\">\n            <a class=\"fill\" href=\"https:\/\/breville-nordic.com\/recept\/belgiska-vafflor\/\"><div class=\"fill banner-link\"><\/div><\/a>            \n\n   <div id=\"text-box-1525502337\" class=\"text-box banner-layer x50 md-x50 lg-x50 y50 md-y50 lg-y50 res-text\">\n                                <div class=\"text-box-content text dark\">\n              \n              <div class=\"text-inner text-center\">\n                  \n\n<h3 class=\"uppercase\"><strong>belgiska v\u00e5fflor<\/strong><\/h3>\n\n              <\/div>\n           <\/div>\n                            \n<style>\n#text-box-1525502337 .text-box-content {\n  background-color: rgba(0, 0, 0, 0.453);\n  font-size: 100%;\n}\n#text-box-1525502337 {\n  width: 60%;\n}\n<\/style>\n    <\/div>\n \n\n        <\/div>\n      <\/div>\n\n            \n<style>\n#banner-1620114717 {\n  padding-top: 300px;\n}\n<\/style>\n  <\/div>\n\n\n\n\t\t<\/div>\n\t\t\t\t\t<\/div>\n\n\t\n\n\t<div id=\"col-1002229865\" class=\"col medium-3 small-6 large-3\"  >\n\t\t\t\t<div class=\"col-inner\"  >\n\t\t\t\n\t\t\t\n\n\n  <div class=\"banner has-hover\" id=\"banner-1374079461\">\n          <div class=\"banner-inner fill\">\n        <div class=\"banner-bg fill\" >\n            <img loading=\"lazy\" decoding=\"async\" width=\"2560\" height=\"1922\" src=\"https:\/\/breville-nordic.com\/wp-content\/uploads\/2025\/10\/VST101-Fish-Finger-Toastie-2-scaled.jpg\" class=\"bg attachment-original size-original\" alt=\"\" \/>                                    \n                    <\/div>\n\t\t\n        <div class=\"banner-layers container\">\n            <a class=\"fill\" href=\"https:\/\/breville-nordic.com\/recept\/toast-med-fiskpinnar-och-artrora\/\"><div class=\"fill banner-link\"><\/div><\/a>            \n\n   <div id=\"text-box-1665093582\" class=\"text-box banner-layer x50 md-x50 lg-x50 y50 md-y50 lg-y50 res-text\">\n                                <div class=\"text-box-content text dark\">\n              \n              <div class=\"text-inner text-center\">\n                  \n\n<h3 class=\"uppercase\"><strong><br \/>\nToast med fiskpinnar och \u00e4rtr\u00f6ra<\/strong><\/h3>\n\n              <\/div>\n           <\/div>\n                            \n<style>\n#text-box-1665093582 .text-box-content {\n  background-color: rgba(0, 0, 0, 0.453);\n  font-size: 100%;\n}\n#text-box-1665093582 {\n  width: 60%;\n}\n<\/style>\n    <\/div>\n \n\n        <\/div>\n      <\/div>\n\n            \n<style>\n#banner-1374079461 {\n  padding-top: 300px;\n}\n<\/style>\n  <\/div>\n\n\n\n\t\t<\/div>\n\t\t\t\t\t<\/div>\n\n\t\n\n<\/div>\n\t<div id=\"gap-990991831\" class=\"gap-element clearfix show-for-medium\" style=\"display:block; height:auto;\">\n\t\t\n<style>\n#gap-990991831 {\n  padding-top: 50px;\n}\n<\/style>\n\t<\/div>\n\t\n\n<div class=\"row\"  id=\"row-1707521118\">\n\n\n\t<div id=\"col-1328642852\" class=\"col medium-3 small-6 large-3\"  >\n\t\t\t\t<div class=\"col-inner\"  >\n\t\t\t\n\t\t\t\n\n\n  <div class=\"banner has-hover\" id=\"banner-1980296923\">\n          <div class=\"banner-inner fill\">\n        <div class=\"banner-bg fill\" >\n            <img loading=\"lazy\" decoding=\"async\" width=\"2560\" height=\"1922\" src=\"https:\/\/breville-nordic.com\/wp-content\/uploads\/2025\/10\/VST101-Italian-Toastie-2-scaled-e1761652396772.jpg\" class=\"bg attachment-original size-original\" alt=\"\" \/>                                    \n                    <\/div>\n\t\t\n        <div class=\"banner-layers container\">\n            <a class=\"fill\" href=\"https:\/\/breville-nordic.com\/recept\/italiensk-macka-med-pesto-mozzarella-och-prosciutto\/\"><div class=\"fill banner-link\"><\/div><\/a>            \n\n   <div id=\"text-box-1034972965\" class=\"text-box banner-layer x50 md-x50 lg-x50 y50 md-y50 lg-y50 res-text\">\n                                <div class=\"text-box-content text dark\">\n              \n              <div class=\"text-inner text-center\">\n                  \n\n<h3 class=\"uppercase\"><strong>Italiensk macka med pesto, mozzarella och prosciutto<\/strong><\/h3>\n\n              <\/div>\n           <\/div>\n                            \n<style>\n#text-box-1034972965 .text-box-content {\n  background-color: rgba(0, 0, 0, 0.453);\n  font-size: 100%;\n}\n#text-box-1034972965 {\n  width: 60%;\n}\n<\/style>\n    <\/div>\n \n\n        <\/div>\n      <\/div>\n\n            \n<style>\n#banner-1980296923 {\n  padding-top: 300px;\n}\n#banner-1980296923 .banner-bg img {\n  object-position: 44% 50%;\n}\n<\/style>\n  <\/div>\n\n\n\n\t\t<\/div>\n\t\t\t\t\t<\/div>\n\n\t\n\n\t<div id=\"col-517088388\" class=\"col medium-3 small-6 large-3\"  >\n\t\t\t\t<div class=\"col-inner\"  >\n\t\t\t\n\t\t\t\n\n\n  <div class=\"banner has-hover\" id=\"banner-485503726\">\n          <div class=\"banner-inner fill\">\n        <div class=\"banner-bg fill\" >\n            <img loading=\"lazy\" decoding=\"async\" width=\"1170\" height=\"2028\" src=\"https:\/\/breville-nordic.com\/wp-content\/uploads\/2024\/10\/thumbnail_IMG-2368.jpg\" class=\"bg attachment-original size-original\" alt=\"En rostad tomatsoppa toppad med fr\u00f6n och basilika\" \/>                                    \n                    <\/div>\n\t\t\n        <div class=\"banner-layers container\">\n            <a class=\"fill\" href=\"https:\/\/breville-nordic.com\/recept\/rostad-tomatsoppa-i-airfryer\/\"><div class=\"fill banner-link\"><\/div><\/a>            \n\n   <div id=\"text-box-1374945238\" class=\"text-box banner-layer x50 md-x50 lg-x50 y50 md-y50 lg-y50 res-text\">\n                                <div class=\"text-box-content text dark\">\n              \n              <div class=\"text-inner text-center\">\n                  \n\n<h3 class=\"uppercase\">Rostad tomatsoppa  <\/strong><\/h3>\n\n              <\/div>\n           <\/div>\n                            \n<style>\n#text-box-1374945238 .text-box-content {\n  background-color: rgba(0, 0, 0, 0.453);\n  font-size: 100%;\n}\n#text-box-1374945238 {\n  width: 60%;\n}\n<\/style>\n    <\/div>\n \n\n        <\/div>\n      <\/div>\n\n            \n<style>\n#banner-485503726 {\n  padding-top: 300px;\n}\n#banner-485503726 .banner-bg img {\n  object-position: 7% 35%;\n}\n<\/style>\n  <\/div>\n\n\n\n\t\t<\/div>\n\t\t\t\t\t<\/div>\n\n\t\n\n\t<div id=\"col-1621746446\" class=\"col medium-3 small-6 large-3\"  >\n\t\t\t\t<div class=\"col-inner\"  >\n\t\t\t\n\t\t\t\n\n\n  <div class=\"banner has-hover\" id=\"banner-252612678\">\n          <div class=\"banner-inner fill\">\n        <div class=\"banner-bg fill\" >\n            <img loading=\"lazy\" decoding=\"async\" width=\"1020\" height=\"766\" src=\"https:\/\/breville-nordic.com\/wp-content\/uploads\/2025\/04\/VDF130-Smashed-Burgers-1024x769.jpg\" class=\"bg attachment-large size-large\" alt=\"Smashed Burger\" \/>                                    \n                    <\/div>\n\t\t\n        <div class=\"banner-layers container\">\n            <a class=\"fill\" href=\"https:\/\/breville-nordic.com\/recept\/smashed-burger\/\"><div class=\"fill banner-link\"><\/div><\/a>            \n\n   <div id=\"text-box-2146240944\" class=\"text-box banner-layer x50 md-x50 lg-x50 y50 md-y50 lg-y50 res-text\">\n                                <div class=\"text-box-content text dark\">\n              \n              <div class=\"text-inner text-center\">\n                  \n\n<h3 class=\"uppercase\"><strong>Smashed burger<\/strong><\/h3>\n\n              <\/div>\n           <\/div>\n                            \n<style>\n#text-box-2146240944 .text-box-content {\n  background-color: rgba(0, 0, 0, 0.453);\n  font-size: 100%;\n}\n#text-box-2146240944 {\n  width: 60%;\n}\n<\/style>\n    <\/div>\n \n\n        <\/div>\n      <\/div>\n\n            \n<style>\n#banner-252612678 {\n  padding-top: 300px;\n}\n#banner-252612678 .banner-bg img {\n  object-position: 4% 0%;\n}\n<\/style>\n  <\/div>\n\n\n\n\t\t<\/div>\n\t\t\t\t\t<\/div>\n\n\t\n\n\t<div id=\"col-8555551\" class=\"col medium-3 small-6 large-3\"  >\n\t\t\t\t<div class=\"col-inner\"  >\n\t\t\t\n\t\t\t\n\n\n  <div class=\"banner has-hover\" id=\"banner-1107067032\">\n          <div class=\"banner-inner fill\">\n        <div class=\"banner-bg fill\" >\n            <img loading=\"lazy\" decoding=\"async\" width=\"1020\" height=\"766\" src=\"https:\/\/breville-nordic.com\/wp-content\/uploads\/2025\/05\/VDF133-Steamed-Pork-Dumplings-2-1024x769.jpg\" class=\"bg attachment-large size-large\" alt=\"\u00c5ngade fl\u00e4skdumplings\" \/>                                    \n                    <\/div>\n\t\t\n        <div class=\"banner-layers container\">\n            <a class=\"fill\" href=\"https:\/\/breville-nordic.com\/recept\/angade-flaskdumplings\/\"><div class=\"fill banner-link\"><\/div><\/a>            \n\n   <div id=\"text-box-800264220\" class=\"text-box banner-layer x50 md-x50 lg-x50 y50 md-y50 lg-y50 res-text\">\n                                <div class=\"text-box-content text dark\">\n              \n              <div class=\"text-inner text-center\">\n                  \n\n<h3 class=\"uppercase\"><strong>\u00c5ngade fl\u00e4skdumplings<\/strong><\/h3>\n\n              <\/div>\n           <\/div>\n                            \n<style>\n#text-box-800264220 .text-box-content {\n  background-color: rgba(0, 0, 0, 0.453);\n  font-size: 100%;\n}\n#text-box-800264220 {\n  width: 60%;\n}\n<\/style>\n    <\/div>\n \n\n        <\/div>\n      <\/div>\n\n            \n<style>\n#banner-1107067032 {\n  padding-top: 300px;\n}\n<\/style>\n  <\/div>\n\n\n\n\t\t<\/div>\n\t\t\t\t\t<\/div>\n\n\t\n\n<\/div>\n\t<div id=\"gap-1200901446\" class=\"gap-element clearfix\" style=\"display:block; height:auto;\">\n\t\t\n<style>\n#gap-1200901446 {\n  padding-top: 30px;\n}\n<\/style>\n\t<\/div>\n\t\n\n<div class=\"row row-small row-full-width align-middle align-center hide-for-small\"  id=\"row-685618995\">\n\n\n\t<div id=\"col-1812315023\" class=\"col medium-6 large-6\"  >\n\t\t\t\t<div class=\"col-inner text-left\"  >\n\t\t\t\n\t\t\t\n\n\t<div id=\"text-3968734976\" class=\"text\">\n\t\t\n\n<h2 class=\"uppercase\">paninigrill &#8211; b\u00e4st i test<\/h2>\n<p>V\u00e5rt otroliga sm\u00f6rg\u00e5sj\u00e4rn har blivit korad till b\u00e4st i test!<\/p>\n<p>P\u00e5 Breville t\u00e4nker vi p\u00e5 allt! Med plats f\u00f6r fyra mackor samtidigt kan du snabbt och smidigt g\u00f6ra mackor till hela familjen. Grillen har non-stick belagda plattor som fokuserar p\u00e5 att g\u00f6ra riktigt goda paninis, bagels och wraps. Grillen \u00e4r \u00e4ven utformad f\u00f6r att klara alla olika tjocklekar.<\/p>\n\t\t\n<style>\n#text-3968734976 {\n  text-align: left;\n}\n<\/style>\n\t<\/div>\n\t\n<a href=\"https:\/\/breville-nordic.com\/produkt\/paninigrill-stor\/\" class=\"button primary box-shadow-3\" >\n\t\t<span>K\u00d6P PANINIGRILLEN H\u00c4R<\/span>\n\t<\/a>\n\n\n\n\t\t<\/div>\n\t\t\t\t\n<style>\n#col-1812315023 > .col-inner {\n  padding: 20px 20px 20px 20px;\n}\n<\/style>\n\t<\/div>\n\n\t\n\n\t<div id=\"col-1700988379\" class=\"col medium-6 large-6\"  >\n\t\t\t\t<div class=\"col-inner\"  >\n\t\t\t\n\t\t\t\n\n\t<div class=\"img has-hover x md-x lg-x y md-y lg-y\" id=\"image_1038801826\">\n\t\t\t\t\t\t\t\t<div class=\"img-inner dark\" >\n\t\t\t<img loading=\"lazy\" decoding=\"async\" width=\"1020\" height=\"574\" src=\"https:\/\/breville-nordic.com\/wp-content\/uploads\/2023\/05\/bannerbreville-1024x576.png\" class=\"attachment-large size-large\" alt=\"sm\u00f6rg\u00e5sgrill-breville-nordic-paninigrill\" srcset=\"https:\/\/breville-nordic.com\/wp-content\/uploads\/2023\/05\/bannerbreville-1024x576.png 1024w, https:\/\/breville-nordic.com\/wp-content\/uploads\/2023\/05\/bannerbreville-300x169.png 300w, https:\/\/breville-nordic.com\/wp-content\/uploads\/2023\/05\/bannerbreville-768x432.png 768w, https:\/\/breville-nordic.com\/wp-content\/uploads\/2023\/05\/bannerbreville-1536x864.png 1536w, https:\/\/breville-nordic.com\/wp-content\/uploads\/2023\/05\/bannerbreville-600x338.png 600w, https:\/\/breville-nordic.com\/wp-content\/uploads\/2023\/05\/bannerbreville.png 1920w\" sizes=\"auto, (max-width: 1020px) 100vw, 1020px\" \/>\t\t\t\t\t\t\n\t\t\t\t\t<\/div>\n\t\t\t\t\t\t\t\t\n<style>\n#image_1038801826 {\n  width: 100%;\n}\n<\/style>\n\t<\/div>\n\t\n\n\n\t\t<\/div>\n\t\t\t\t\t<\/div>\n\n\t\n\n<\/div>\n<div class=\"row align-middle show-for-small\"  id=\"row-485791203\">\n\n\n\t<div id=\"col-1450327420\" class=\"col show-for-small medium-6 small-6 large-6\"  >\n\t\t\t\t<div class=\"col-inner\"  >\n\t\t\t\n\t\t\t\n\n\t<div class=\"img has-hover show-for-small x md-x lg-x y md-y lg-y\" id=\"image_1664613700\">\n\t\t\t\t\t\t\t\t<div class=\"img-inner dark\" >\n\t\t\t<img loading=\"lazy\" decoding=\"async\" width=\"150\" height=\"150\" src=\"https:\/\/breville-nordic.com\/wp-content\/uploads\/2023\/05\/bannerbreville-150x150.png\" class=\"attachment-thumbnail size-thumbnail\" alt=\"sm\u00f6rg\u00e5sgrill-breville-nordic-paninigrill\" srcset=\"https:\/\/breville-nordic.com\/wp-content\/uploads\/2023\/05\/bannerbreville-150x150.png 150w, https:\/\/breville-nordic.com\/wp-content\/uploads\/2023\/05\/bannerbreville-300x300.png 300w, https:\/\/breville-nordic.com\/wp-content\/uploads\/2023\/05\/bannerbreville-100x100.png 100w\" sizes=\"auto, (max-width: 150px) 100vw, 150px\" \/>\t\t\t\t\t\t\n\t\t\t\t\t<\/div>\n\t\t\t\t\t\t\t\t\n<style>\n#image_1664613700 {\n  width: 100%;\n}\n<\/style>\n\t<\/div>\n\t\n\n\n\t\t<\/div>\n\t\t\t\t\t<\/div>\n\n\t\n\n\t<div id=\"col-1020420170\" class=\"col show-for-small medium-6 small-6 large-6\"  >\n\t\t\t\t<div class=\"col-inner\"  >\n\t\t\t\n\t\t\t\n\n\t<div id=\"text-3265111220\" class=\"text show-for-small\">\n\t\t\n\n<h4 class=\"uppercase\">PANINIGRILL \u2013 B\u00c4ST I TEST<\/h4>\n<p>V\u00e5rt otroliga sm\u00f6rg\u00e5sj\u00e4rn har blivit korad till b\u00e4st i test!<\/p>\n\t\t\n<style>\n#text-3265111220 {\n  font-size: 0.8rem;\n}\n<\/style>\n\t<\/div>\n\t\n<a href=\"https:\/\/breville-nordic.com\/produkt\/paninigrill-stor\/\" class=\"button primary is-small show-for-small\" >\n\t\t<span>k\u00f6p h\u00e4r<\/span>\n\t<\/a>\n\n\n\n\t\t<\/div>\n\t\t\t\t\t<\/div>\n\n\t\n\n<\/div>\n<div class=\"row align-middle align-center hide-for-small\"  id=\"row-826038572\">\n\n\n\t<div id=\"col-2055979647\" class=\"col medium-6 large-6\"  >\n\t\t\t\t<div class=\"col-inner\"  >\n\t\t\t\n\t\t\t\n\n\t<div class=\"img has-hover x md-x lg-x y md-y lg-y\" id=\"image_1061078764\">\n\t\t\t\t\t\t\t\t<div class=\"img-inner dark\" >\n\t\t\t<img loading=\"lazy\" decoding=\"async\" width=\"1020\" height=\"680\" src=\"https:\/\/breville-nordic.com\/wp-content\/uploads\/2023\/10\/BR203076_VST098_3in1-Snack-Maker_Lifestyle-Image-5-1024x683.jpg\" class=\"attachment-large size-large\" alt=\"En 3-i-1 multij\u00e4rn\" srcset=\"https:\/\/breville-nordic.com\/wp-content\/uploads\/2023\/10\/BR203076_VST098_3in1-Snack-Maker_Lifestyle-Image-5-1024x683.jpg 1024w, https:\/\/breville-nordic.com\/wp-content\/uploads\/2023\/10\/BR203076_VST098_3in1-Snack-Maker_Lifestyle-Image-5-300x200.jpg 300w, https:\/\/breville-nordic.com\/wp-content\/uploads\/2023\/10\/BR203076_VST098_3in1-Snack-Maker_Lifestyle-Image-5-768x512.jpg 768w, https:\/\/breville-nordic.com\/wp-content\/uploads\/2023\/10\/BR203076_VST098_3in1-Snack-Maker_Lifestyle-Image-5-1536x1024.jpg 1536w, https:\/\/breville-nordic.com\/wp-content\/uploads\/2023\/10\/BR203076_VST098_3in1-Snack-Maker_Lifestyle-Image-5-2048x1365.jpg 2048w, https:\/\/breville-nordic.com\/wp-content\/uploads\/2023\/10\/BR203076_VST098_3in1-Snack-Maker_Lifestyle-Image-5-600x400.jpg 600w\" sizes=\"auto, (max-width: 1020px) 100vw, 1020px\" \/>\t\t\t\t\t\t\n\t\t\t\t\t<\/div>\n\t\t\t\t\t\t\t\t\n<style>\n#image_1061078764 {\n  width: 100%;\n}\n<\/style>\n\t<\/div>\n\t\n\n\n\t\t<\/div>\n\t\t\t\t\t<\/div>\n\n\t\n\n\t<div id=\"col-1518901971\" class=\"col medium-6 large-6\"  >\n\t\t\t\t<div class=\"col-inner text-left\"  >\n\t\t\t\n\t\t\t\n\n\t<div id=\"text-864810363\" class=\"text\">\n\t\t\n\n<h2>K\u00f6ksredskap av h\u00f6g kvalit\u00e9\u00a0<\/h2>\n<p>P\u00e5 Breville Nordic hittar du allt fr\u00e5n kaffemaskiner, v\u00e5ffelj\u00e4rn till luftrenare av h\u00f6g kvalit\u00e9. V\u00e5ra produkter \u00e4r inte bara till f\u00f6r att vara funktionella, utan \u00e4r \u00e4ven snyggt designade f\u00f6r att passa in i just ditt k\u00f6k. Vi tror att v\u00e4ldesignade k\u00f6ksredskap \u00f6kar k\u00f6ksupplevelsen och ger en touch av elegans i ditt k\u00f6k!<\/p>\n\t\t\n<style>\n#text-864810363 {\n  font-size: 1rem;\n  line-height: 1.25;\n  text-align: left;\n}\n<\/style>\n\t<\/div>\n\t\n<a href=\"https:\/\/breville-nordic.com\/produkter\/\" class=\"button primary is-outline box-shadow-3\" >\n\t\t<span>alla produkter<\/span>\n\t<\/a>\n\n\n\n\t\t<\/div>\n\t\t\t\t\n<style>\n#col-1518901971 > .col-inner {\n  padding: 20px 20px 20px 20px;\n}\n<\/style>\n\t<\/div>\n\n\t\n\n<\/div>\n<div class=\"row row-collapse row-full-width align-middle show-for-small\"  id=\"row-1233775158\">\n\n\n\t<div id=\"col-450249639\" class=\"col medium-6 small-6 large-6\"  >\n\t\t\t\t<div class=\"col-inner text-center\"  >\n\t\t\t\n\t\t\t\n\n\t<div id=\"text-1681593098\" class=\"text\">\n\t\t\n\n<h3>K\u00f6ksredskap av h\u00f6g kvalit\u00e9&nbsp;<\/h3>\n<p>P\u00e5 Breville Nordic hittar du allt fr\u00e5n kaffemaskiner, v\u00e5ffelj\u00e4rn till luftrenare av h\u00f6g kvalit\u00e9. V\u00e5ra produkter \u00e4r inte bara funktionella, utan \u00e4ven snyggt designade.&nbsp;<\/p>\n\t\t\n<style>\n#text-1681593098 {\n  font-size: 0.8rem;\n  line-height: 1.25;\n  text-align: center;\n}\n<\/style>\n\t<\/div>\n\t\n<a href=\"https:\/\/breville-nordic.com\/produkter\/\" class=\"button primary is-outline is-xxsmall\" >\n\t\t<span>alla produkter<\/span>\n\t<\/a>\n\n\n\n\t\t<\/div>\n\t\t\t\t\t<\/div>\n\n\t\n\n\t<div id=\"col-451896410\" class=\"col medium-6 small-6 large-6\"  >\n\t\t\t\t<div class=\"col-inner text-left\"  >\n\t\t\t\n\t\t\t\n\n\t<div class=\"img has-hover x md-x lg-x y md-y lg-y\" id=\"image_1428596633\">\n\t\t\t\t\t\t\t\t<div class=\"img-inner dark\" >\n\t\t\t<img loading=\"lazy\" decoding=\"async\" width=\"834\" height=\"1024\" src=\"https:\/\/breville-nordic.com\/wp-content\/uploads\/2023\/05\/1_err-1-834x1024.png\" class=\"attachment-large size-large\" alt=\"En cappucino\" srcset=\"https:\/\/breville-nordic.com\/wp-content\/uploads\/2023\/05\/1_err-1-834x1024.png 834w, https:\/\/breville-nordic.com\/wp-content\/uploads\/2023\/05\/1_err-1-244x300.png 244w, https:\/\/breville-nordic.com\/wp-content\/uploads\/2023\/05\/1_err-1-768x943.png 768w, https:\/\/breville-nordic.com\/wp-content\/uploads\/2023\/05\/1_err-1-600x736.png 600w, https:\/\/breville-nordic.com\/wp-content\/uploads\/2023\/05\/1_err-1.png 880w\" sizes=\"auto, (max-width: 834px) 100vw, 834px\" \/>\t\t\t\t\t\t\n\t\t\t\t\t<\/div>\n\t\t\t\t\t\t\t\t\n<style>\n#image_1428596633 {\n  width: 100%;\n}\n<\/style>\n\t<\/div>\n\t\n\n\n\t\t<\/div>\n\t\t\t\t\t<\/div>\n\n\t\n\n<\/div>\n<div class=\"row row-small align-middle show-for-small\"  id=\"row-1203334870\">\n\n\n\t<div id=\"col-2097861485\" class=\"col medium-6 large-6\"  >\n\t\t\t\t<div class=\"col-inner\"  >\n\t\t\t\n\t\t\t\n\n\t<div id=\"text-273248715\" class=\"text\">\n\t\t\n\n<h5 class=\"uppercase\">L\u00c4R DIG ALLT OM KAFFE!<\/h5>\n<p>Tillsammans med Peter Goodman fr\u00e5n Kahls kaffe och Alex Ntatsos, har vi p\u00e5 Breville skapat en barista-skola, d\u00e4r du f\u00e5r l\u00e4ra dig allt om kaffeskapande!<\/p>\n\t\t\n<style>\n#text-273248715 {\n  font-size: 0.8rem;\n  line-height: 1.25;\n}\n<\/style>\n\t<\/div>\n\t\n<a href=\"https:\/\/breville-nordic.com\/baristaschool\/\" class=\"button primary is-outline is-xxsmall\" >\n\t\t<span>kaffeskolan med peter<\/span>\n\t<\/a>\n\n\n<a href=\"https:\/\/breville-nordic.com\/baristaschool-with-alex\/\" class=\"button primary is-xxsmall show-for-small\" >\n\t\t<span>kaffeskolan med alex<\/span>\n\t<\/a>\n\n\n\n\t\t<\/div>\n\t\t\t\t\t<\/div>\n\n\t\n\n\t<div id=\"col-1753836123\" class=\"col medium-4 small-5 large-4\"  >\n\t\t\t\t<div class=\"col-inner\"  >\n\t\t\t\n\t\t\t\n\n\t<div class=\"img has-hover show-for-small x md-x lg-x y md-y lg-y\" id=\"image_187833764\">\n\t\t\t\t\t\t\t\t<div class=\"img-inner dark\" >\n\t\t\t<img loading=\"lazy\" decoding=\"async\" width=\"576\" height=\"1024\" src=\"https:\/\/breville-nordic.com\/wp-content\/uploads\/2023\/05\/baristaschoolmobile-576x1024.png\" class=\"attachment-large size-large\" alt=\"Barista school\" srcset=\"https:\/\/breville-nordic.com\/wp-content\/uploads\/2023\/05\/baristaschoolmobile-576x1024.png 576w, https:\/\/breville-nordic.com\/wp-content\/uploads\/2023\/05\/baristaschoolmobile-169x300.png 169w, https:\/\/breville-nordic.com\/wp-content\/uploads\/2023\/05\/baristaschoolmobile-768x1365.png 768w, https:\/\/breville-nordic.com\/wp-content\/uploads\/2023\/05\/baristaschoolmobile-864x1536.png 864w, https:\/\/breville-nordic.com\/wp-content\/uploads\/2023\/05\/baristaschoolmobile-600x1067.png 600w, https:\/\/breville-nordic.com\/wp-content\/uploads\/2023\/05\/baristaschoolmobile.png 1080w\" sizes=\"auto, (max-width: 576px) 100vw, 576px\" \/>\t\t\t\t\t\t\n\t\t\t\t\t<\/div>\n\t\t\t\t\t\t\t\t\n<style>\n#image_187833764 {\n  width: 100%;\n}\n<\/style>\n\t<\/div>\n\t\n\n\n\t\t<\/div>\n\t\t\t\t\t<\/div>\n\n\t\n\n<\/div>\n\n  \n    <div class=\"row show-for-small large-columns-3 medium-columns-1 small-columns-3 row-xsmall slider row-slider slider-nav-reveal slider-nav-push\"  data-flickity-options='{&quot;imagesLoaded&quot;: true, &quot;groupCells&quot;: &quot;100%&quot;, &quot;dragThreshold&quot; : 5, &quot;cellAlign&quot;: &quot;left&quot;,&quot;wrapAround&quot;: true,&quot;prevNextButtons&quot;: true,&quot;percentPosition&quot;: true,&quot;pageDots&quot;: false, &quot;rightToLeft&quot;: false, &quot;autoPlay&quot; : false}' >\n\n  <div class=\"col post-item\" >\n\t\t\t<div class=\"col-inner\">\n\t\t\t\t<div class=\"box box-normal box-text-bottom box-blog-post has-hover\">\n            \t\t\t\t\t<div class=\"box-image\" >\n  \t\t\t\t\t\t<div class=\"image-cover\" style=\"padding-top:56.25%;\">\n\t\t\t\t\t\t\t<a href=\"https:\/\/breville-nordic.com\/fi\/erilaiset-teet\/\" class=\"plain\" aria-label=\"Erilaiset teet\">\n\t\t\t\t\t\t\t\t<img loading=\"lazy\" decoding=\"async\" width=\"300\" height=\"169\" src=\"https:\/\/breville-nordic.com\/wp-content\/uploads\/2020\/01\/Te1-300x169.jpg\" class=\"attachment-medium size-medium wp-post-image\" alt=\"\" srcset=\"https:\/\/breville-nordic.com\/wp-content\/uploads\/2020\/01\/Te1-300x169.jpg 300w, https:\/\/breville-nordic.com\/wp-content\/uploads\/2020\/01\/Te1-1024x576.jpg 1024w, https:\/\/breville-nordic.com\/wp-content\/uploads\/2020\/01\/Te1-768x432.jpg 768w, https:\/\/breville-nordic.com\/wp-content\/uploads\/2020\/01\/Te1-1536x864.jpg 1536w, https:\/\/breville-nordic.com\/wp-content\/uploads\/2020\/01\/Te1-2048x1152.jpg 2048w, https:\/\/breville-nordic.com\/wp-content\/uploads\/2020\/01\/Te1-600x338.jpg 600w\" sizes=\"auto, (max-width: 300px) 100vw, 300px\" \/>\t\t\t\t\t\t\t<\/a>\n  \t\t\t\t\t\t\t  \t\t\t\t\t\t\t  \t\t\t\t\t\t<\/div>\n  \t\t\t\t\t\t  \t\t\t\t\t<\/div>\n          \t\t\t\t\t<div class=\"box-text text-center\" >\n\t\t\t\t\t<div class=\"box-text-inner blog-post-inner\">\n\n\t\t\t\t\t\n\t\t\t\t\t\t\t\t\t\t<h5 class=\"post-title is-smaller uppercase\">\n\t\t\t\t\t\t<a href=\"https:\/\/breville-nordic.com\/fi\/erilaiset-teet\/\" class=\"plain\">Erilaiset teet<\/a>\n\t\t\t\t\t<\/h5>\n\t\t\t\t\t\t\t\t\t\t<div class=\"is-divider\"><\/div>\n\t\t\t\t\t                    \n\t\t\t\t\t\n\t\t\t\t\t\n\t\t\t\t\t<\/div>\n\t\t\t\t\t<\/div>\n\t\t\t\t\t\t\t\t\t\t\t\t\t\t\t\t<div class=\"badge absolute top post-date badge-square\">\n\t\t\t\t\t\t\t<div class=\"badge-inner\">\n\t\t\t\t\t\t\t\t<span class=\"post-date-day\">07<\/span><br>\n\t\t\t\t\t\t\t\t<span class=\"post-date-month is-xsmall\">helmi<\/span>\n\t\t\t\t\t\t\t<\/div>\n\t\t\t\t\t\t<\/div>\n\t\t\t\t\t\t\t\t\t<\/div>\n\t\t\t<\/div>\n\t\t<\/div><div class=\"col post-item\" >\n\t\t\t<div class=\"col-inner\">\n\t\t\t\t<div class=\"box box-normal box-text-bottom box-blog-post has-hover\">\n            \t\t\t\t\t<div class=\"box-image\" >\n  \t\t\t\t\t\t<div class=\"image-cover\" style=\"padding-top:56.25%;\">\n\t\t\t\t\t\t\t<a href=\"https:\/\/breville-nordic.com\/fi\/heatsoft\/\" class=\"plain\" aria-label=\"HeatSoft\">\n\t\t\t\t\t\t\t\t<img loading=\"lazy\" decoding=\"async\" width=\"300\" height=\"93\" src=\"https:\/\/breville-nordic.com\/wp-content\/uploads\/2019\/12\/24834807-d3e5-44e6-b063-9f758be998a7.__CR001940600_PT0_SX970_V1___-300x93.jpg\" class=\"attachment-medium size-medium wp-post-image\" alt=\"\" srcset=\"https:\/\/breville-nordic.com\/wp-content\/uploads\/2019\/12\/24834807-d3e5-44e6-b063-9f758be998a7.__CR001940600_PT0_SX970_V1___-300x93.jpg 300w, https:\/\/breville-nordic.com\/wp-content\/uploads\/2019\/12\/24834807-d3e5-44e6-b063-9f758be998a7.__CR001940600_PT0_SX970_V1___-768x238.jpg 768w, https:\/\/breville-nordic.com\/wp-content\/uploads\/2019\/12\/24834807-d3e5-44e6-b063-9f758be998a7.__CR001940600_PT0_SX970_V1___-600x186.jpg 600w, https:\/\/breville-nordic.com\/wp-content\/uploads\/2019\/12\/24834807-d3e5-44e6-b063-9f758be998a7.__CR001940600_PT0_SX970_V1___.jpg 970w\" sizes=\"auto, (max-width: 300px) 100vw, 300px\" \/>\t\t\t\t\t\t\t<\/a>\n  \t\t\t\t\t\t\t  \t\t\t\t\t\t\t  \t\t\t\t\t\t<\/div>\n  \t\t\t\t\t\t  \t\t\t\t\t<\/div>\n          \t\t\t\t\t<div class=\"box-text text-center\" >\n\t\t\t\t\t<div class=\"box-text-inner blog-post-inner\">\n\n\t\t\t\t\t\n\t\t\t\t\t\t\t\t\t\t<h5 class=\"post-title is-smaller uppercase\">\n\t\t\t\t\t\t<a href=\"https:\/\/breville-nordic.com\/fi\/heatsoft\/\" class=\"plain\">HeatSoft<\/a>\n\t\t\t\t\t<\/h5>\n\t\t\t\t\t\t\t\t\t\t<div class=\"is-divider\"><\/div>\n\t\t\t\t\t                    \n\t\t\t\t\t\n\t\t\t\t\t\n\t\t\t\t\t<\/div>\n\t\t\t\t\t<\/div>\n\t\t\t\t\t\t\t\t\t\t\t\t\t\t\t\t<div class=\"badge absolute top post-date badge-square\">\n\t\t\t\t\t\t\t<div class=\"badge-inner\">\n\t\t\t\t\t\t\t\t<span class=\"post-date-day\">18<\/span><br>\n\t\t\t\t\t\t\t\t<span class=\"post-date-month is-xsmall\">joulu<\/span>\n\t\t\t\t\t\t\t<\/div>\n\t\t\t\t\t\t<\/div>\n\t\t\t\t\t\t\t\t\t<\/div>\n\t\t\t<\/div>\n\t\t<\/div><\/div>\n\n<div class=\"row row-collapse align-middle align-center\"  id=\"row-1959190500\">\n\n\n\t<div id=\"col-1752113303\" class=\"col hide-for-small medium-6 large-6\"  >\n\t\t\t\t<div class=\"col-inner\"  >\n\t\t\t\n\t\t\t\n\n<h2 class=\"uppercase\">l\u00e4r dig allt om kaffe!<\/h2>\n<p>Tillsammans med Peter Goodman fr\u00e5n Kahls kaffe och Alex Ntatsos, har vi p\u00e5 Breville skapat en barista-skola, d\u00e4r du f\u00e5r l\u00e4ra dig allt om kaffeskapande. Peter och Alex l\u00e4r ut vad som sker mellan b\u00f6nodlingen till f\u00e4rdig cappuccino, och vilka inst\u00e4llningar man b\u00f6r anv\u00e4nda sig av!\u00a0<\/p>\n<a href=\"https:\/\/breville-nordic.com\/baristaschool-with-alex\/\" class=\"button primary is-outline\" >\n\t\t<span>kaffeskolan med alex<\/span>\n\t<\/a>\n\n\n<a href=\"https:\/\/breville-nordic.com\/baristaschool\/\" class=\"button primary\" >\n\t\t<span>kaffeskolan med peter<\/span>\n\t<\/a>\n\n\n\n\t\t<\/div>\n\t\t\t\t\n<style>\n#col-1752113303 > .col-inner {\n  padding: 20px 20px 20px 20px;\n}\n<\/style>\n\t<\/div>\n\n\t\n\n\t<div id=\"col-1977210269\" class=\"col hide-for-small medium-6 large-6\"  >\n\t\t\t\t<div class=\"col-inner\"  >\n\t\t\t\n\t\t\t\n\n\t<div class=\"img has-hover hide-for-small x md-x lg-x y md-y lg-y\" id=\"image_122878781\">\n\t\t\t\t\t\t\t\t<div class=\"img-inner dark\" >\n\t\t\t<img loading=\"lazy\" decoding=\"async\" width=\"800\" height=\"500\" src=\"https:\/\/breville-nordic.com\/wp-content\/uploads\/2023\/05\/baristaskolan-1.png\" class=\"attachment-large size-large\" alt=\"breville-nprdic-barista-skola-kaffe\" srcset=\"https:\/\/breville-nordic.com\/wp-content\/uploads\/2023\/05\/baristaskolan-1.png 800w, https:\/\/breville-nordic.com\/wp-content\/uploads\/2023\/05\/baristaskolan-1-300x188.png 300w, https:\/\/breville-nordic.com\/wp-content\/uploads\/2023\/05\/baristaskolan-1-768x480.png 768w, https:\/\/breville-nordic.com\/wp-content\/uploads\/2023\/05\/baristaskolan-1-600x375.png 600w\" sizes=\"auto, (max-width: 800px) 100vw, 800px\" \/>\t\t\t\t\t\t\n\t\t\t\t\t<\/div>\n\t\t\t\t\t\t\t\t\n<style>\n#image_122878781 {\n  width: 100%;\n}\n<\/style>\n\t<\/div>\n\t\n\n\n\t\t<\/div>\n\t\t\t\t\t<\/div>\n\n\t\n\n\n<style>\n#row-1959190500 > .col > .col-inner {\n  padding: 0px 0px 0px 10px;\n}\n<\/style>\n<\/div>\n\t<div id=\"gap-1667410058\" class=\"gap-element clearfix\" style=\"display:block; height:auto;\">\n\t\t\n<style>\n#gap-1667410058 {\n  padding-top: 30px;\n}\n<\/style>\n\t<\/div>\n\t\n\n\t<div id=\"gap-4859111\" class=\"gap-element clearfix\" style=\"display:block; height:auto;\">\n\t\t\n<style>\n#gap-4859111 {\n  padding-top: 30px;\n}\n<\/style>\n\t<\/div>\n\t\n\n\n\t<section class=\"section\" id=\"section_1210853534\">\n\t\t<div class=\"section-bg fill\" >\n\t\t\t\t\t\t\t\t\t\n\t\t\t\n\n\t\t<\/div>\n\n\t\t\n\n\t\t<div class=\"section-content relative\">\n\t\t\t\n\n<div class=\"row align-center\"  id=\"row-1527077324\">\n\n\n\t<div id=\"col-540965991\" class=\"col medium-10 small-12 large-10\"  >\n\t\t\t\t<div class=\"col-inner text-center\"  >\n\t\t\t\n\t\t\t\n\n\t<div id=\"text-1240576658\" class=\"text\">\n\t\t\n\n<h2 style=\"text-align: center;\">En stund med Breville<\/h2>\n<p>Breville \u00e4r det lilla extra i vardagen. Det \u00e4r att unna sig en kopp kaffe p\u00e5 morgonen innan barnen har vaknat, blanda sig en god smoothie efter tr\u00e4ningspasset eller \u00e4ta grillade mackor p\u00e5 en tisdag just f\u00f6r att man k\u00e4nner f\u00f6r det. Breville \u00e4r smarta produkter som kombinerar design och funktion p\u00e5 ett snyggt och sofistikerat s\u00e4tt.\u00a0P\u00e5 Breville tycker man att din stund r\u00e4knas.<\/p>\n<p>Vi p\u00e5 Breville erbjuder hush\u00e5llsmaskiner av h\u00f6g kvalitet med en snygg design. Oavsett om du s\u00f6ker en riktigt bra <a href=\"https:\/\/breville-nordic.com\/produktkategori\/kaffemaskiner\/\"style=\"color: white; text-decoration: underline;\">kaffemaskin<\/a>, , <a href=\"https:\/\/breville-nordic.com\/produktkategori\/smorgasgrillar\/\"style=\"color: white; text-decoration: underline;\">sm\u00f6rg\u00e5sgrill<\/a>, <a href=\"https:\/\/breville-nordic.com\/produktkategori\/vattenkokare\/\"style=\"color: white; text-decoration: underline;\">vattenkokare<\/a> , <a href=\"https:\/\/breville-nordic.com\/produktkategori\/blenders\/\"style=\"color: white; text-decoration: underline;\">blender<\/a> eller paninigrill s\u00e5 hittar du det h\u00e4r hos oss p\u00e5 Breville.\u00a0 \u00a0<\/p>\n\t\t\n<style>\n#text-1240576658 {\n  color: rgb(255, 255, 255);\n}\n#text-1240576658 > * {\n  color: rgb(255, 255, 255);\n}\n<\/style>\n\t<\/div>\n\t\n\n\t\t<\/div>\n\t\t\t\t\t<\/div>\n\n\t\n\n<\/div>\n\n\t\t<\/div>\n\n\t\t\n<style>\n#section_1210853534 {\n  padding-top: 60px;\n  padding-bottom: 60px;\n  min-height: 300px;\n  background-color: rgb(0,0,0);\n}\n<\/style>\n\t<\/section>\n\t\n\n\n","protected":false},"excerpt":{"rendered":"","protected":false},"author":1,"featured_media":9118,"parent":0,"menu_order":0,"comment_status":"closed","ping_status":"closed","template":"page-blank.php","meta":{"_acf_changed":false,"footnotes":""},"class_list":["post-3919","page","type-page","status-publish","has-post-thumbnail","hentry"],"acf":[],"_links":{"self":[{"href":"https:\/\/breville-nordic.com\/fi\/wp-json\/wp\/v2\/pages\/3919","targetHints":{"allow":["GET"]}}],"collection":[{"href":"https:\/\/breville-nordic.com\/fi\/wp-json\/wp\/v2\/pages"}],"about":[{"href":"https:\/\/breville-nordic.com\/fi\/wp-json\/wp\/v2\/types\/page"}],"author":[{"embeddable":true,"href":"https:\/\/breville-nordic.com\/fi\/wp-json\/wp\/v2\/users\/1"}],"replies":[{"embeddable":true,"href":"https:\/\/breville-nordic.com\/fi\/wp-json\/wp\/v2\/comments?post=3919"}],"version-history":[{"count":445,"href":"https:\/\/breville-nordic.com\/fi\/wp-json\/wp\/v2\/pages\/3919\/revisions"}],"predecessor-version":[{"id":11138,"href":"https:\/\/breville-nordic.com\/fi\/wp-json\/wp\/v2\/pages\/3919\/revisions\/11138"}],"wp:featuredmedia":[{"embeddable":true,"href":"https:\/\/breville-nordic.com\/fi\/wp-json\/wp\/v2\/media\/9118"}],"wp:attachment":[{"href":"https:\/\/breville-nordic.com\/fi\/wp-json\/wp\/v2\/media?parent=3919"}],"curies":[{"name":"wp","href":"https:\/\/api.w.org\/{rel}","templated":true}]}}