{"id":9585,"date":"2023-09-26T10:35:19","date_gmt":"2023-09-26T08:35:19","guid":{"rendered":"https:\/\/breville-nordic.com\/?post_type=product&#038;p=9585"},"modified":"2025-08-11T13:24:04","modified_gmt":"2025-08-11T11:24:04","slug":"vdf127x-air-fryer-oven-kopia","status":"publish","type":"product","link":"https:\/\/breville-nordic.com\/fi\/tuote\/vdf127x-air-fryer-oven-kopia\/","title":{"rendered":"VDF127X Air Fryer Oven (kopia)"},"content":{"rendered":"","protected":false},"excerpt":{"rendered":"<p><strong>Breville esittelee nyt Air Fryer kiertoilmakypsentimen, jossa on sis\u00e4\u00e4nrakennettu monik\u00e4ytt\u00f6inen<br \/>\nuunitoiminto, jotta voit yksinkertaistaa arkip\u00e4iv\u00e4n ruoanlaiton.<\/strong><\/p>\n<p>Breville esittelee nyt Air Fryer kiertoilmakypsentimen, jossa on sis\u00e4\u00e4nrakennettu monik\u00e4ytt\u00f6inen<br \/>\nuunitoiminto, jotta voit yksinkertaistaa arkip\u00e4iv\u00e4n ruoanlaiton. Laitteessa on nelj\u00e4 ennalta s\u00e4\u00e4detty\u00e4<br \/>\nohjelmaa broilerin, lihan, ranskalaisten perunoiden ja vihannesten valmistukseen ja mahdollisuus<br \/>\ns\u00e4\u00e4t\u00e4\u00e4 aikaa sek\u00e4 l\u00e4mp\u00f6tilaa aina 200 asteeseen. Esis\u00e4\u00e4dettyjen ohjelmien lis\u00e4ksi siin\u00e4 on my\u00f6s<br \/>\nkolme manuaalista s\u00e4\u00e4t\u00f6\u00e4 kiertoilmakypsennyst\u00e4, leipomista ja kuivaamista varten. Tippalautanen<br \/>\nker\u00e4\u00e4 ylim\u00e4\u00e4r\u00e4isen rasvan ja muruset ja se on helppo vet\u00e4\u00e4 ulos ja puhdistaa. Irrotettavan kannen<br \/>\nansiosta Air Fryer on helppo pit\u00e4\u00e4 puhtaana ja raikkaana. Air Fryerin mukana seuraa kolme<br \/>\nverkkotarjotinta, joiden avulla saadaan aikaan 360 asteinen ilmankierto, 3,2 litran verkkokori,<br \/>\nrotisserie-varras sek\u00e4 rotisserie-haarukka. Rotisserie tarkoittaa k\u00e4yt\u00e4nn\u00f6ss\u00e4 grillaamista py\u00f6riv\u00e4ss\u00e4<br \/>\nvartaassa. Rotisserie-varrasta k\u00e4ytet\u00e4\u00e4n esimerkiksi kokonaisen kanan tai paistin grillaamiseksi<br \/>\ntasaisella l\u00e4mm\u00f6ll\u00e4. Jos haluat friteerata ja saada tasaisen pinnan pienemmille elintarvikkeille, voit<br \/>\nk\u00e4ytt\u00e4\u00e4 py\u00f6riv\u00e4\u00e4 koria.<\/p>\n<ul>\n<li>Yhdistetty kiertoilmakypsennin ja uuni<\/li>\n<li>4 esis\u00e4\u00e4detty\u00e4 ohjelmaa<\/li>\n<li>3 manuaalista tilaa<\/li>\n<li>Irrotettava kansi<\/li>\n<li>Verkkotarjotin<\/li>\n<li>Verkkokori<\/li>\n<li>Rotisserie-ty\u00f6kalut<\/li>\n<\/ul>\n","protected":false},"featured_media":9656,"template":"","meta":{"_acf_changed":false},"product_brand":[],"product_cat":[],"product_tag":[],"class_list":{"0":"post-9585","1":"product","2":"type-product","3":"status-publish","4":"has-post-thumbnail","7":"first","8":"instock","9":"taxable","10":"shipping-taxable","11":"product-type-external"},"acf":[],"_links":{"self":[{"href":"https:\/\/breville-nordic.com\/fi\/wp-json\/wp\/v2\/product\/9585","targetHints":{"allow":["GET"]}}],"collection":[{"href":"https:\/\/breville-nordic.com\/fi\/wp-json\/wp\/v2\/product"}],"about":[{"href":"https:\/\/breville-nordic.com\/fi\/wp-json\/wp\/v2\/types\/product"}],"wp:featuredmedia":[{"embeddable":true,"href":"https:\/\/breville-nordic.com\/fi\/wp-json\/wp\/v2\/media\/9656"}],"wp:attachment":[{"href":"https:\/\/breville-nordic.com\/fi\/wp-json\/wp\/v2\/media?parent=9585"}],"wp:term":[{"taxonomy":"product_brand","embeddable":true,"href":"https:\/\/breville-nordic.com\/fi\/wp-json\/wp\/v2\/product_brand?post=9585"},{"taxonomy":"product_cat","embeddable":true,"href":"https:\/\/breville-nordic.com\/fi\/wp-json\/wp\/v2\/product_cat?post=9585"},{"taxonomy":"product_tag","embeddable":true,"href":"https:\/\/breville-nordic.com\/fi\/wp-json\/wp\/v2\/product_tag?post=9585"}],"curies":[{"name":"wp","href":"https:\/\/api.w.org\/{rel}","templated":true}]}}